{"id":2697,"date":"2024-02-09T13:01:23","date_gmt":"2024-02-09T12:01:23","guid":{"rendered":"https:\/\/www.espacioentremujeres.org\/?page_id=2697"},"modified":"2025-09-04T13:20:30","modified_gmt":"2025-09-04T11:20:30","slug":"leer-mas-i-encuentro-internacional","status":"publish","type":"page","link":"https:\/\/www.espacioentremujeres.org\/index.php\/leer-mas-i-encuentro-internacional\/","title":{"rendered":"PROGRAMA: II JORNADAS DE COOPERACI\u00d3N"},"content":{"rendered":"\t\t<div data-elementor-type=\"wp-page\" data-elementor-id=\"2697\" class=\"elementor elementor-2697\">\n\t\t\t\t<div class=\"elementor-element elementor-element-f563db e-flex e-con-boxed e-con e-parent\" data-id=\"f563db\" data-element_type=\"container\" data-e-type=\"container\">\n\t\t\t\t\t<div class=\"e-con-inner\">\n\t\t\t\t<div class=\"elementor-element elementor-element-7d9b52fc elementor-widget elementor-widget-text-editor\" data-id=\"7d9b52fc\" data-element_type=\"widget\" data-e-type=\"widget\" data-widget_type=\"text-editor.default\">\n\t\t\t\t<div class=\"elementor-widget-container\">\n\t\t\t\t\t\t\t\t\t<p class=\"has-text-align-center has-text-color\" style=\"color: #615f5f; font-size: 19px;\"><strong><mark class=\"has-inline-color\" style=\"background-color: rgba(0, 0, 0, 0); color: #686868;\"><em>Cooperaci\u00f3n internacional y mujeres tribales. India: Retos y casos de \u00e9xito<\/em><\/mark><\/strong><\/p>\n<p><!-- \/wp:paragraph --><\/p>\n<p><!-- wp:paragraph {\"align\":\"left\"} --><\/p>\n<p class=\"has-text-align-left\"><em><strong>PROGRAMA 25 DE OCTUBRE<\/strong><\/em><\/p>\n<p><!-- \/wp:paragraph --><\/p>\n<p><!-- wp:paragraph {\"align\":\"left\"} --><\/p>\n<p class=\"has-text-align-left\"><strong>09:00 | Acogida y acreditaciones<\/strong><\/p>\n<p><!-- \/wp:paragraph --><\/p>\n<p><!-- wp:paragraph {\"align\":\"left\"} --><\/p>\n<p class=\"has-text-align-left\"><strong>09:30 &#8211; 10:00 | Presentaci\u00f3n<\/strong><\/p>\n<p><!-- \/wp:paragraph --><\/p>\n<p><!-- wp:paragraph {\"align\":\"left\"} --><\/p>\n<p class=\"has-text-align-left\"><strong>10:00 &#8211; 11:45 | Mesa 1: Retos en derechos<\/strong><\/p>\n<p><!-- \/wp:paragraph --><\/p>\n<p><!-- wp:paragraph {\"align\":\"justify\"} --><\/p>\n<p class=\"has-text-align-justify\">\u2713 <em>Caso de \u00e9xito\u00a0<\/em>: Vaishali | Ankur Trust y la comunidad Katkari.<\/p>\n<p><!-- \/wp:paragraph --><\/p>\n<p><!-- wp:paragraph {\"align\":\"justify\"} --><\/p>\n<p class=\"has-text-align-justify\">\u2713 <em>Participantes<\/em>: Noella De Souza (<a href=\"http:\/\/avehiabacus.org\/\">Avehi Public Charitable Trust<\/a>), Louise Mary Innasi (<a href=\"https:\/\/www.flickr.com\/photos\/thomasriddle\/albums\/72157689225208020\/\">Asha Seva Kendra<\/a>) y Vaishali Patil (<a href=\"https:\/\/ankurtrust.wordpress.com\/\">Ankur Trust<\/a>).<\/p>\n<p><!-- \/wp:paragraph --><\/p>\n<p><!-- wp:paragraph {\"align\":\"left\"} --><\/p>\n<p class=\"has-text-align-left\"><mark class=\"has-inline-color\" style=\"background-color: rgba(0, 0, 0, 0); color: #959798;\"><strong>11:45 &#8211; 12:15 |<\/strong> <strong>Caf\u00e9<\/strong><\/mark><\/p>\n<p><!-- \/wp:paragraph --><\/p>\n<p><!-- wp:paragraph {\"align\":\"left\"} --><\/p>\n<p class=\"has-text-align-left\"><strong>12:15 &#8211; 14:00 |<\/strong> <strong>Mesa 2: Retos en el empoderamiento econ\u00f3mico<\/strong><\/p>\n<p><!-- \/wp:paragraph --><\/p>\n<p><!-- wp:paragraph {\"align\":\"justify\"} --><\/p>\n<p class=\"has-text-align-justify\">\u2713 <em>Caso de \u00e9xito<\/em>: Pratixa Parmar | Cooperativa de cr\u00e9dito de mujeres.<\/p>\n<p><!-- \/wp:paragraph --><\/p>\n<p><!-- wp:paragraph {\"align\":\"justify\"} --><\/p>\n<p class=\"has-text-align-justify\">\u2713 <em>Participantes:<\/em> Anaclete D&#8217;Mello (<a href=\"https:\/\/www.facebook.com\/bsvswalvanda\">Bosco Samajik Vikas Sanstha<\/a>), Pratixa Parmar (Jagruti Kendra) y Johny Joseph (<a href=\"https:\/\/creativehandicrafts.org\/\">Creative Handicrafts<\/a>).<\/p>\n<p><!-- \/wp:paragraph --><\/p>\n<p><!-- wp:paragraph {\"align\":\"left\"} --><\/p>\n<p class=\"has-text-align-left\"><mark class=\"has-inline-color\" style=\"background-color: rgba(0, 0, 0, 0); color: #959798;\"><strong>14:00 &#8211; 17:00 |<\/strong> <strong>Comida<\/strong><\/mark><\/p>\n<p><!-- \/wp:paragraph --><\/p>\n<p><!-- wp:paragraph {\"align\":\"left\"} --><\/p>\n<p class=\"has-text-align-left\"><strong>17:00 &#8211; 18:30 |<\/strong> <strong>Panel 1: Medio ambiente y Soberan\u00eda Alimentaria<\/strong><\/p>\n<p><!-- \/wp:paragraph --><\/p>\n<p><!-- wp:paragraph {\"align\":\"justify\"} --><\/p>\n<p class=\"has-text-align-justify\">\u2713 <em>Caso de \u00e9xito:<\/em> Anaclete D&#8217;Mello, Neelam Budhar y Nilam Gadge | Agricultura Natural Presupuesto Cero.<\/p>\n<p><!-- \/wp:paragraph --><\/p>\n<p><!-- wp:paragraph {\"align\":\"justify\"} --><\/p>\n<p class=\"has-text-align-justify\">\u2713 <em>Otros proyectos:<\/em><\/p>\n<p><!-- \/wp:paragraph --><\/p>\n<p><!-- wp:list --><\/p>\n<ul class=\"wp-block-list\">\n<li style=\"list-style-type: none;\">\n<ul class=\"wp-block-list\"><!-- wp:list-item --><\/ul>\n<\/li>\n<\/ul>\n<p>\u00a0<\/p>\n<ul class=\"wp-block-list\">\n<li style=\"list-style-type: none;\">\n<ul class=\"wp-block-list\">\n<li>Jeannette Makenga (<a href=\"https:\/\/www.fundacioncepin.org\/\">CEPIN<\/a>) y Elsa Josefina Montiel (<a href=\"https:\/\/www.fundacioncepin.org\/\">CEPIN<\/a>)<\/li>\n<\/ul>\n<\/li>\n<\/ul>\n<p><!-- \/wp:list-item --><\/p>\n<p><!-- wp:list-item --><\/p>\n<ul class=\"wp-block-list\">\n<li style=\"list-style-type: none;\">\n<ul class=\"wp-block-list\">\n<li>Edurne Caballero (<a href=\"https:\/\/cerai.org\/\">CERAI<\/a> Espa\u00f1a).<\/li>\n<\/ul>\n<\/li>\n<\/ul>\n<p><!-- \/wp:list-item --><\/p>\n<p><!-- \/wp:list --><\/p>\n<p><!-- wp:paragraph {\"align\":\"left\"} --><\/p>\n<p class=\"has-text-align-left\"><strong>18:45 | Actuaci\u00f3n del Coro \u00abVoces Trenzadas\u00bb de la Fundaci\u00f3n Isabel Mart\u00edn<\/strong>.<\/p>\n<p>&#8212;&#8212;&#8212;&#8212;&#8212;&#8212;&#8212;&#8212;&#8211;<\/p>\n<p><!-- \/wp:paragraph --><\/p>\n<p><!-- wp:paragraph {\"align\":\"left\"} --><\/p>\n<p class=\"has-text-align-left\"><em><strong>PROGRAMA 26 DE OCTUBRE<\/strong><\/em><\/p>\n<p><!-- \/wp:paragraph --><\/p>\n<p><!-- wp:paragraph {\"align\":\"left\"} --><\/p>\n<p class=\"has-text-align-left\"><strong>09:30 &#8211; 10:00 | Acogida<\/strong><\/p>\n<p><!-- \/wp:paragraph --><\/p>\n<p><!-- wp:paragraph {\"align\":\"left\"} --><\/p>\n<p class=\"has-text-align-left\"><strong>10:00 &#8211; 11:45 | Mesa 3: Retos en educaci\u00f3n<\/strong><\/p>\n<p><!-- \/wp:paragraph --><\/p>\n<p><!-- wp:paragraph {\"align\":\"justify\"} --><\/p>\n<p class=\"has-text-align-justify\">\u2713 <em>Caso de \u00e9xito<\/em>: Noella De Souza | Avehi Abacus.<\/p>\n<p><!-- \/wp:paragraph --><\/p>\n<p><!-- wp:paragraph {\"align\":\"justify\"} --><\/p>\n<p class=\"has-text-align-justify\">\u2713 <em>Participantes:<\/em> Meena D&#8217;Souza (Creative Handicrafts), Pratixa Parmar (Jagruti Kendra) y Noella De Souza (Avehi Public Charitable Trust).<\/p>\n<p><!-- \/wp:paragraph --><\/p>\n<p><!-- wp:paragraph {\"align\":\"left\"} --><\/p>\n<p class=\"has-text-align-left\"><strong><mark class=\"has-inline-color\" style=\"background-color: rgba(0, 0, 0, 0); color: #959798;\">11:45 &#8211; 12:15 | Caf\u00e9<\/mark><\/strong><\/p>\n<p><!-- \/wp:paragraph --><\/p>\n<p><!-- wp:paragraph {\"align\":\"left\"} --><\/p>\n<p class=\"has-text-align-left\"><strong>12:15 &#8211; 14:00 | Mesa 4: Retos en salud<\/strong><\/p>\n<p><!-- \/wp:paragraph --><\/p>\n<p><!-- wp:paragraph {\"align\":\"justify\"} --><\/p>\n<p class=\"has-text-align-justify\">\u2713 <em>Caso de \u00e9xito:<\/em> Louise Mary Innasi | ASK-Dhera (programa de salud).<\/p>\n<p><!-- \/wp:paragraph --><\/p>\n<p><!-- wp:paragraph {\"align\":\"justify\"} --><\/p>\n<p class=\"has-text-align-justify\">\u2713 <em>Participantes:<\/em> Vaishali Patil (Ankur Trust), Jeannette Makenga (CEPIN) y Louise Mary Innasi (Asha Seva Kendra).<\/p>\n<p><!-- \/wp:paragraph --><\/p>\n<p><!-- wp:paragraph {\"align\":\"justify\"} --><\/p>\n<p class=\"has-text-align-justify\"><strong><mark class=\"has-inline-color\" style=\"background-color: rgba(0, 0, 0, 0); color: #959798;\">14:00 &#8211; 17:00 | Comida<\/mark><\/strong><\/p>\n<p><!-- \/wp:paragraph --><\/p>\n<p><!-- wp:paragraph {\"align\":\"left\"} --><\/p>\n<p class=\"has-text-align-left\"><strong>17:00 &#8211; 18:30 | Panel 2: Comercio Justo<\/strong><\/p>\n<p><!-- \/wp:paragraph --><\/p>\n<p><!-- wp:paragraph {\"align\":\"justify\"} --><\/p>\n<p class=\"has-text-align-justify\">\u2713 <em>Caso de \u00e9xito:<\/em> Johny Joseph y Elizabeth Poojary | Creative Handicrafts.<\/p>\n<p><!-- \/wp:paragraph --><\/p>\n<p><!-- wp:paragraph {\"align\":\"justify\"} --><\/p>\n<p class=\"has-text-align-justify\">\u2713 <em>Otros proyectos:<\/em><\/p>\n<p><!-- \/wp:paragraph --><\/p>\n<p><!-- wp:list --><\/p>\n<ul class=\"wp-block-list\">\n<li style=\"list-style-type: none;\">\n<ul class=\"wp-block-list\"><!-- wp:list-item --><\/ul>\n<\/li>\n<\/ul>\n<p>\u00a0<\/p>\n<ul class=\"wp-block-list\">\n<li style=\"list-style-type: none;\">\n<ul class=\"wp-block-list\">\n<li>Eva Kreisler (<a href=\"https:\/\/ropalimpia.org\/\">Campa\u00f1a Ropa Limpia<\/a>)<\/li>\n<\/ul>\n<\/li>\n<\/ul>\n<p><!-- \/wp:list-item --><\/p>\n<p><!-- wp:list-item --><\/p>\n<ul class=\"wp-block-list\">\n<li style=\"list-style-type: none;\">\n<ul class=\"wp-block-list\">\n<li>Javier Parcero (<a href=\"https:\/\/aragonsolidario.org\/comercio-justo\">Comercio Justo &#8211; FAS<\/a>).<\/li>\n<\/ul>\n<\/li>\n<\/ul>\n<p><!-- \/wp:list-item --><\/p>\n<p><!-- \/wp:list --><\/p>\n<p><!-- wp:paragraph {\"align\":\"left\"} --><\/p>\n<p class=\"has-text-align-left\"><strong>18:30 &#8211; 19:00 | Conclusiones y despedida.<\/strong><\/p>\n<p><!-- \/wp:paragraph --><\/p>\n<p><!-- wp:buttons {\"layout\":{\"type\":\"flex\",\"justifyContent\":\"center\"}} --><\/p>\n<div class=\"wp-block-buttons\">\n<p><!-- wp:button --><\/p>\n<div class=\"wp-block-button\">\u00a0<\/div>\n<p><!-- \/wp:button --><\/p>\n<\/div>\n<p><!-- \/wp:buttons --><\/p>\n<p><!-- wp:paragraph {\"align\":\"center\",\"style\":{\"color\":{\"background\":\"#b17eac\"}},\"textColor\":\"white\"} --><\/p>\n<p class=\"has-text-align-center has-white-color has-text-color has-background\" style=\"background-color: #b17eac;\"><strong>PONENTES Y ENTIDADES PARTICIPANTES<\/strong><\/p>\n<p><!-- \/wp:paragraph --><\/p>\n<p><!-- wp:paragraph {\"align\":\"left\"} --><\/p>\n<p class=\"has-text-align-left\"><strong><mark class=\"has-inline-color\" style=\"background-color: rgba(0, 0, 0, 0); color: #b17eac;\"><span style=\"text-decoration: underline;\">VAISHALI PATIL &#8211; ANKUR TRUST<\/span><\/mark><\/strong><\/p>\n<p><!-- \/wp:paragraph --><\/p>\n<p><!-- wp:paragraph --><\/p>\n<p><img decoding=\"async\" data-recalc-dims=\"1\" src=\"https:\/\/i0.wp.com\/www.espacioentremujeres.org\/wp-content\/uploads\/2023\/09\/Sin-titulo-40-%C3%97-40-px-e1694596536639.jpg?w=685&#038;ssl=1\" \/>Raigad, Maharashtra, India.<\/p>\n<p><!-- \/wp:paragraph --><\/p>\n<p><!-- wp:columns --><\/p>\n<div class=\"wp-block-columns\">\n<p><!-- wp:column {\"width\":\"33.33%\"} --><\/p>\n<div class=\"wp-block-column\" style=\"flex-basis: 33.33%;\">\n<p><!-- wp:image {\"id\":1127,\"sizeSlug\":\"large\",\"linkDestination\":\"none\"} --><\/p>\n<figure class=\"wp-block-image size-large\"><img fetchpriority=\"high\" decoding=\"async\" data-attachment-id=\"1127\" data-permalink=\"https:\/\/www.espacioentremujeres.org\/index.php\/encuentros\/attachment\/5\/\" data-orig-file=\"https:\/\/i0.wp.com\/www.espacioentremujeres.org\/wp-content\/uploads\/2023\/09\/5.png?fit=1440%2C810&amp;ssl=1\" data-orig-size=\"1440,810\" data-comments-opened=\"1\" data-image-meta=\"{&quot;aperture&quot;:&quot;0&quot;,&quot;credit&quot;:&quot;&quot;,&quot;camera&quot;:&quot;&quot;,&quot;caption&quot;:&quot;&quot;,&quot;created_timestamp&quot;:&quot;0&quot;,&quot;copyright&quot;:&quot;&quot;,&quot;focal_length&quot;:&quot;0&quot;,&quot;iso&quot;:&quot;0&quot;,&quot;shutter_speed&quot;:&quot;0&quot;,&quot;title&quot;:&quot;&quot;,&quot;orientation&quot;:&quot;0&quot;}\" data-image-title=\"5\" data-image-description=\"\" data-image-caption=\"\" data-large-file=\"https:\/\/i0.wp.com\/www.espacioentremujeres.org\/wp-content\/uploads\/2023\/09\/5.png?fit=685%2C385&amp;ssl=1\" data-recalc-dims=\"1\" height=\"385\" width=\"685\" class=\"wp-image-1127\" src=\"https:\/\/i0.wp.com\/www.espacioentremujeres.org\/wp-content\/uploads\/2023\/09\/5.png?resize=685%2C385&#038;ssl=1\" alt=\"\" srcset=\"https:\/\/i0.wp.com\/www.espacioentremujeres.org\/wp-content\/uploads\/2023\/09\/5.png?w=1440&amp;ssl=1 1440w, https:\/\/i0.wp.com\/www.espacioentremujeres.org\/wp-content\/uploads\/2023\/09\/5.png?resize=300%2C169&amp;ssl=1 300w, https:\/\/i0.wp.com\/www.espacioentremujeres.org\/wp-content\/uploads\/2023\/09\/5.png?resize=1024%2C576&amp;ssl=1 1024w, https:\/\/i0.wp.com\/www.espacioentremujeres.org\/wp-content\/uploads\/2023\/09\/5.png?resize=768%2C432&amp;ssl=1 768w, https:\/\/i0.wp.com\/www.espacioentremujeres.org\/wp-content\/uploads\/2023\/09\/5.png?resize=685%2C385&amp;ssl=1 685w, https:\/\/i0.wp.com\/www.espacioentremujeres.org\/wp-content\/uploads\/2023\/09\/5.png?w=1370&amp;ssl=1 1370w\" sizes=\"(max-width: 685px) 100vw, 685px\" \/>\n<p>\u00a0<\/p>\n<figcaption class=\"wp-element-caption\"><center><em><span style=\"font-size: small;\">Vaishali Patil. Directora asociada y secretaria de Ankur Trust.<\/span><\/em><\/center><\/figcaption>\n<\/figure>\n<p><!-- \/wp:image --><\/p>\n<\/div>\n<p><!-- \/wp:column --><\/p>\n<p><!-- wp:column {\"width\":\"66.66%\"} --><\/p>\n<div class=\"wp-block-column\" style=\"flex-basis: 66.66%;\">\n<p><!-- wp:paragraph {\"align\":\"justify\"} --><\/p>\n<p class=\"has-text-align-justify\">[bg_collapse icon=\u00bbarrow\u00bb expand_text=\u00bbSobre Vaishali Raj Patil\u00bb collapse_text=\u00bbMostrar menos\u00bb ]<\/p>\n<p><!-- \/wp:paragraph --><\/p>\n<p><!-- wp:paragraph {\"align\":\"justify\"} --><\/p>\n<p class=\"has-text-align-justify\">Vaishali Raj Patil, \u00a0directora asociada y secretaria de Ankur Trust. M\u00e1ster en Sociolog\u00eda y Diplomada en Teor\u00edas Feministas por la Universidad de Mujeres SNDT, en Bombay. Cuenta con m\u00faltiples estudios especializados, entre los que destacan los cursos internacionales sobre An\u00e1lisis Social y Organizaci\u00f3n de la Comunidad en el Instituto Social de la India, en Banglore, y el de Agricultura Regenerativa y Administraci\u00f3n Rural en el Instituto Internacional de Reconstrucci\u00f3n Rural, en Filipinas.<\/p>\n<p><!-- \/wp:paragraph --><\/p>\n<p><!-- wp:paragraph {\"align\":\"justify\"} --><\/p>\n<p class=\"has-text-align-justify\">Vaishali es una reconocida activista defensora de los derechos humanos y especialmente de las comunidades adivasis (tribus abor\u00edgenes) m\u00e1s desfavorecidas, como la Katkari, con quienes acredita m\u00e1s de catorce a\u00f1os de trabajo desarrollando proyectos de educaci\u00f3n, salud y derechos en el distrito de Raigad (Maharashtra)<\/p>\n<p><!-- \/wp:paragraph --><\/p>\n<p><!-- wp:paragraph {\"align\":\"justify\"} --><\/p>\n<p class=\"has-text-align-justify\">Ha sido galardonada con dos premios de la administraci\u00f3n estatal y del distrito por su contribuci\u00f3n para mejorar la calidad de vida de las mujeres tribales.<\/p>\n<p><!-- \/wp:paragraph --><\/p>\n<p><!-- wp:paragraph --><\/p>\n<p>M\u00e1s informaci\u00f3n en su perfil de Instagram, <a href=\"https:\/\/www.instagram.com\/dr_vaishali.patil\/\">pinchando aqu\u00ed.<\/a><\/p>\n<p><!-- \/wp:paragraph --><\/p>\n<p><!-- wp:paragraph {\"align\":\"justify\"} --><\/p>\n<p class=\"has-text-align-justify\">[\/bg_collapse]<\/p>\n<p><!-- \/wp:paragraph --><\/p>\n<p><!-- wp:paragraph --><\/p>\n<p>[bg_collapse icon=\u00bbarrow\u00bb expand_text=\u00bbSobre Ankur Trust\u00bb collapse_text=\u00bbMostrar menos\u00bb ]<\/p>\n<p><!-- \/wp:paragraph --><\/p>\n<p><!-- wp:paragraph {\"align\":\"justify\"} --><\/p>\n<p class=\"has-text-align-justify\">Ankur Trust es una entidad ben\u00e9fica sin \u00e1nimo de lucro fundada en 1993 con el objetivo de luchar contra las desigualdades e injusticias del sistema en la India y en la defensa de los derechos de las comunidades m\u00e1s desfavorecidas.<\/p>\n<p><!-- \/wp:paragraph --><\/p>\n<p><!-- wp:paragraph {\"align\":\"justify\"} --><\/p>\n<p class=\"has-text-align-justify\">Centra su actividad en el Distrito de Raigad (Maharashtra) con la tribu aborigen Katkari y, especialmente, con sus mujeres y j\u00f3venes, a trav\u00e9s de proyectos de educaci\u00f3n, salud y asistencia jur\u00eddica para la defensa de sus derechos (civiles, medioambientales, laborales\u2026).<\/p>\n<p><!-- \/wp:paragraph --><\/p>\n<p><!-- wp:paragraph {\"align\":\"justify\"} --><\/p>\n<p class=\"has-text-align-justify\">M\u00e1s informaci\u00f3n en su propia web, <a href=\"https:\/\/ankurtrust.wordpress.com\/\">pinchando aqu\u00ed.<\/a><\/p>\n<p><!-- \/wp:paragraph --><\/p>\n<p><!-- wp:paragraph --><\/p>\n<p>[\/bg_collapse]<\/p>\n<p><!-- \/wp:paragraph --><\/p>\n<p><!-- wp:paragraph --><\/p>\n<p><!-- \/wp:paragraph --><\/p>\n<p><!-- wp:paragraph --><\/p>\n<p>[bg_collapse icon=\u00bbarrow\u00bb expand_text=\u00bbAnkur Trust y la Fundaci\u00f3n Isabel Mart\u00edn\u00bb collapse_text=\u00bbMostrar menos\u00bb ]<\/p>\n<p><!-- \/wp:paragraph --><\/p>\n<p><!-- wp:paragraph {\"align\":\"justify\"} --><\/p>\n<p class=\"has-text-align-justify\">Nuestra ONG colabora con Ankur Trust desde 2017 <a href=\"https:\/\/fundacionisabelmartin.es\/proyecto\/raigad-maharashtra-india\/\">apoyando proyectos de salud<\/a> para mujeres y j\u00f3venes tribales de las comunidades adivasis.<\/p>\n<p><!-- \/wp:paragraph --><\/p>\n<p><!-- wp:paragraph {\"align\":\"justify\"} --><\/p>\n<p class=\"has-text-align-justify\">[\/bg_collapse]<\/p>\n<p><!-- \/wp:paragraph --><\/p>\n<\/div>\n<p><!-- \/wp:column --><\/p>\n<\/div>\n<p><!-- \/wp:columns --><\/p>\n<p><!-- wp:paragraph {\"align\":\"justify\",\"style\":{\"typography\":{\"fontSize\":\"14px\"},\"color\":{\"gradient\":\"linear-gradient(135deg,rgba(176,125,171,0.24) 2%,rgb(255,255,255) 100%)\"}}} --><\/p>\n<p class=\"has-text-align-justify has-background\" style=\"background: linear-gradient(135deg,rgba(176,125,171,0.24) 2%,#ffffff 100%); font-size: 14px;\">Esperamos contar con la presencia de las dos l\u00edderes katkari, Sarita\u00a0 Jadhav y Bharati\u00a0 Pawar que est\u00e1n en proceso de obtenci\u00f3n de su visado. \u00a0<\/p>\n<p><!-- \/wp:paragraph --><\/p>\n<p><!-- wp:paragraph {\"align\":\"left\"} --><\/p>\n<p class=\"has-text-align-left\"><strong><mark class=\"has-inline-color\" style=\"background-color: rgba(0, 0, 0, 0); color: #b17eac;\"><span style=\"text-decoration: underline;\">LOUISE MARY INNASI &#8211; ASHA SEVA KENDRA<\/span><\/mark><\/strong><\/p>\n<p><!-- \/wp:paragraph --><\/p>\n<p><!-- wp:paragraph --><\/p>\n<p><img decoding=\"async\" data-recalc-dims=\"1\" src=\"https:\/\/i0.wp.com\/www.espacioentremujeres.org\/wp-content\/uploads\/2023\/09\/Sin-titulo-40-%C3%97-40-px-e1694596536639.jpg?w=685&#038;ssl=1\" \/>Gomia, Jarckand, India.<\/p>\n<p><!-- \/wp:paragraph --><\/p>\n<p><!-- wp:columns --><\/p>\n<div class=\"wp-block-columns\">\n<p><!-- wp:column {\"width\":\"33.33%\"} --><\/p>\n<div class=\"wp-block-column\" style=\"flex-basis: 33.33%;\">\n<p><!-- wp:image {\"id\":1519,\"sizeSlug\":\"large\",\"linkDestination\":\"none\"} --><\/p>\n<figure class=\"wp-block-image size-large\"><img decoding=\"async\" data-attachment-id=\"1519\" data-permalink=\"https:\/\/www.espacioentremujeres.org\/index.php\/encuentros\/fotos-para-web-encuentro-presentacion-169-12\/\" data-orig-file=\"https:\/\/i0.wp.com\/www.espacioentremujeres.org\/wp-content\/uploads\/2023\/09\/FOTOS-PARA-WEB-ENCUENTRO-Presentacion-169-12.png?fit=1920%2C1080&amp;ssl=1\" data-orig-size=\"1920,1080\" data-comments-opened=\"1\" data-image-meta=\"{&quot;aperture&quot;:&quot;0&quot;,&quot;credit&quot;:&quot;&quot;,&quot;camera&quot;:&quot;&quot;,&quot;caption&quot;:&quot;&quot;,&quot;created_timestamp&quot;:&quot;0&quot;,&quot;copyright&quot;:&quot;&quot;,&quot;focal_length&quot;:&quot;0&quot;,&quot;iso&quot;:&quot;0&quot;,&quot;shutter_speed&quot;:&quot;0&quot;,&quot;title&quot;:&quot;&quot;,&quot;orientation&quot;:&quot;0&quot;}\" data-image-title=\"FOTOS-PARA-WEB-ENCUENTRO-Presentacion-169-12\" data-image-description=\"\" data-image-caption=\"\" data-large-file=\"https:\/\/i0.wp.com\/www.espacioentremujeres.org\/wp-content\/uploads\/2023\/09\/FOTOS-PARA-WEB-ENCUENTRO-Presentacion-169-12.png?fit=685%2C385&amp;ssl=1\" data-recalc-dims=\"1\" height=\"385\" width=\"685\" class=\"wp-image-1519\" src=\"https:\/\/i0.wp.com\/www.espacioentremujeres.org\/wp-content\/uploads\/2023\/09\/FOTOS-PARA-WEB-ENCUENTRO-Presentacion-169-12.png?resize=685%2C385&#038;ssl=1\" alt=\"\" srcset=\"https:\/\/i0.wp.com\/www.espacioentremujeres.org\/wp-content\/uploads\/2023\/09\/FOTOS-PARA-WEB-ENCUENTRO-Presentacion-169-12.png?w=1920&amp;ssl=1 1920w, https:\/\/i0.wp.com\/www.espacioentremujeres.org\/wp-content\/uploads\/2023\/09\/FOTOS-PARA-WEB-ENCUENTRO-Presentacion-169-12.png?resize=300%2C169&amp;ssl=1 300w, https:\/\/i0.wp.com\/www.espacioentremujeres.org\/wp-content\/uploads\/2023\/09\/FOTOS-PARA-WEB-ENCUENTRO-Presentacion-169-12.png?resize=1024%2C576&amp;ssl=1 1024w, https:\/\/i0.wp.com\/www.espacioentremujeres.org\/wp-content\/uploads\/2023\/09\/FOTOS-PARA-WEB-ENCUENTRO-Presentacion-169-12.png?resize=768%2C432&amp;ssl=1 768w, https:\/\/i0.wp.com\/www.espacioentremujeres.org\/wp-content\/uploads\/2023\/09\/FOTOS-PARA-WEB-ENCUENTRO-Presentacion-169-12.png?resize=1536%2C864&amp;ssl=1 1536w, https:\/\/i0.wp.com\/www.espacioentremujeres.org\/wp-content\/uploads\/2023\/09\/FOTOS-PARA-WEB-ENCUENTRO-Presentacion-169-12.png?resize=685%2C385&amp;ssl=1 685w, https:\/\/i0.wp.com\/www.espacioentremujeres.org\/wp-content\/uploads\/2023\/09\/FOTOS-PARA-WEB-ENCUENTRO-Presentacion-169-12.png?w=1370&amp;ssl=1 1370w\" sizes=\"(max-width: 685px) 100vw, 685px\" \/>\n<p>\u00a0<\/p>\n<figcaption class=\"wp-element-caption\"><center><em><span style=\"font-size: small;\">Louise Mary Innasi. Administradora de Assumpta Society-Pune.<\/span><\/em><\/center><\/figcaption>\n<\/figure>\n<p><!-- \/wp:image --><\/p>\n<\/div>\n<p><!-- \/wp:column --><\/p>\n<p><!-- wp:column {\"width\":\"66.66%\"} --><\/p>\n<div class=\"wp-block-column\" style=\"flex-basis: 66.66%;\">\n<p><!-- wp:paragraph {\"align\":\"justify\"} --><\/p>\n<p class=\"has-text-align-justify\">[bg_collapse icon=\u00bbarrow\u00bb expand_text=\u00bbSobre Louise Mary Innasi\u00bb collapse_text=\u00bbMostrar menos\u00bb ]<\/p>\n<p><!-- \/wp:paragraph --><\/p>\n<p><!-- wp:paragraph {\"align\":\"justify\"} --><\/p>\n<p class=\"has-text-align-justify\">Enfermera de profesi\u00f3n, se ha dedicado durante los \u00faltimos diecisiete a\u00f1os al trabajo social con las mujeres adivasis en el Asha Seva Kendra, centro comunitario impulsado por la Assumpta Society en Gomia, peque\u00f1a localidad en una remota zona de Jharkhand.<\/p>\n<p><!-- \/wp:paragraph --><\/p>\n<p><!-- wp:paragraph {\"align\":\"justify\"} --><\/p>\n<p class=\"has-text-align-justify\">Responsable de la formaci\u00f3n de m\u00e1s de setenta SHG (Grupos de Autoayuda por sus siglas en ingl\u00e9s) en veinticinco aldeas de los distritos Bokaro y Hazaribagh, tambi\u00e9n ha trabajado en diferentes programas de salud, con el programa DOT del gobierno contra la tuberculosis y pacientes con VIH\/SIDA, como coordinadora de proyectos integrales de salud y educaci\u00f3n. M\u00e1s recientemente estuvo en Gujarat con el programa de salud para las mujeres tribales del Jagruti Kendra.<\/p>\n<p><!-- \/wp:paragraph --><\/p>\n<p><!-- wp:paragraph {\"align\":\"justify\"} --><\/p>\n<p class=\"has-text-align-justify\">[\/bg_collapse]<\/p>\n<p><!-- \/wp:paragraph --><\/p>\n<p><!-- wp:paragraph --><\/p>\n<p>[bg_collapse icon=\u00bbarrow\u00bb expand_text=\u00bbSobre Asha Seva Kendra\u00bb collapse_text=\u00bbMostrar menos\u00bb ]<\/p>\n<p><!-- \/wp:paragraph --><\/p>\n<p><!-- wp:paragraph {\"align\":\"justify\"} --><\/p>\n<p class=\"has-text-align-justify\">Entidad promovida por la Assumpta Society de las Misioneras de Cristo Jes\u00fas. Se fund\u00f3 en 1974 para trabajar fundamentalmente en tres \u00e1mbitos: la salud, la educaci\u00f3n y el empoderamiento de las mujeres.<\/p>\n<p><!-- \/wp:paragraph --><\/p>\n<p><!-- wp:paragraph {\"align\":\"justify\"} --><\/p>\n<p class=\"has-text-align-justify\">Gestiona un Centro de Salud y sanatorio en Gomia para enfermos de tuberculosis y sida (\u201cDhera\u201d) y un centro comunitario desde el que se impulsan programas de educaci\u00f3n no formal para j\u00f3venes, clases de refuerzo para escolares y soporte socioecon\u00f3mico a mujeres mediante Grupos de Autoayuda, principalmente de las tribus Santhal y Oraon.<\/p>\n<p><!-- \/wp:paragraph --><\/p>\n<p><!-- wp:paragraph {\"align\":\"justify\"} --><\/p>\n<p class=\"has-text-align-justify\">M\u00e1s informaci\u00f3n en su perfil de Flickr, <a href=\"https:\/\/www.flickr.com\/photos\/thomasriddle\/albums\/72157689225208020\/\">pinchando aqu\u00ed<\/a>.<\/p>\n<p><!-- \/wp:paragraph --><\/p>\n<p><!-- wp:paragraph {\"align\":\"justify\"} --><\/p>\n<p class=\"has-text-align-justify\">[\/bg_collapse]<\/p>\n<p><!-- \/wp:paragraph --><\/p>\n<p><!-- wp:paragraph {\"align\":\"justify\"} --><\/p>\n<p class=\"has-text-align-justify\">[bg_collapse icon=\u00bbarrow\u00bb expand_text=\u00bbAsha Seva Kendra y la Fundaci\u00f3n Isabel Mart\u00edn\u00bb collapse_text=\u00bbMostrar menos\u00bb ]<\/p>\n<p><!-- \/wp:paragraph --><\/p>\n<p><!-- wp:paragraph {\"align\":\"justify\"} --><\/p>\n<p class=\"has-text-align-justify\">Nuestra ONG colabora con la entidad desde 2017 apoyando su <a href=\"https:\/\/fundacionisabelmartin.es\/proyecto\/india-jharkhand-gomia-asha-seva-kendra\/\">Programa Integral de Educaci\u00f3n y Salud<\/a>.<\/p>\n<p><!-- \/wp:paragraph --><\/p>\n<p><!-- wp:paragraph {\"align\":\"justify\"} --><\/p>\n<p class=\"has-text-align-justify\">[\/bg_collapse]<\/p>\n<p><!-- \/wp:paragraph --><\/p>\n<\/div>\n<p><!-- \/wp:column --><\/p>\n<\/div>\n<p><!-- \/wp:columns --><\/p>\n<p><!-- wp:paragraph {\"align\":\"left\"} --><\/p>\n<p class=\"has-text-align-left\"><strong><mark class=\"has-inline-color\" style=\"background-color: rgba(0, 0, 0, 0); color: #b17eac;\"><span style=\"text-decoration: underline;\">NOELLA DE SOUZA &#8211; AVEHI PUBLIC CHARITABLE (EDUCATIONAL) TRUST<\/span><\/mark><\/strong><\/p>\n<p><!-- \/wp:paragraph --><\/p>\n<p><!-- wp:paragraph --><\/p>\n<p><img decoding=\"async\" data-recalc-dims=\"1\" src=\"https:\/\/i0.wp.com\/www.espacioentremujeres.org\/wp-content\/uploads\/2023\/09\/Sin-titulo-40-%C3%97-40-px-e1694596536639.jpg?w=685&#038;ssl=1\" \/>Thane y Raigad, Maharashtra, India.<\/p>\n<p><!-- \/wp:paragraph --><\/p>\n<p><!-- wp:columns --><\/p>\n<div class=\"wp-block-columns\">\n<p><!-- wp:column {\"width\":\"33.33%\"} --><\/p>\n<div class=\"wp-block-column\" style=\"flex-basis: 33.33%;\">\n<p><!-- wp:image {\"id\":1091,\"sizeSlug\":\"large\",\"linkDestination\":\"none\"} --><\/p>\n<figure class=\"wp-block-image size-large\"><img decoding=\"async\" data-attachment-id=\"1091\" data-permalink=\"https:\/\/www.espacioentremujeres.org\/index.php\/encuentros\/fotos-para-web-encuentro-presentacion-169-1\/\" data-orig-file=\"https:\/\/i0.wp.com\/www.espacioentremujeres.org\/wp-content\/uploads\/2023\/09\/FOTOS-PARA-WEB-ENCUENTRO-Presentacion-169-1.png?fit=1920%2C1080&amp;ssl=1\" data-orig-size=\"1920,1080\" data-comments-opened=\"1\" data-image-meta=\"{&quot;aperture&quot;:&quot;0&quot;,&quot;credit&quot;:&quot;&quot;,&quot;camera&quot;:&quot;&quot;,&quot;caption&quot;:&quot;&quot;,&quot;created_timestamp&quot;:&quot;0&quot;,&quot;copyright&quot;:&quot;&quot;,&quot;focal_length&quot;:&quot;0&quot;,&quot;iso&quot;:&quot;0&quot;,&quot;shutter_speed&quot;:&quot;0&quot;,&quot;title&quot;:&quot;&quot;,&quot;orientation&quot;:&quot;0&quot;}\" data-image-title=\"FOTOS-PARA-WEB-ENCUENTRO-Presentacion-169-1\" data-image-description=\"\" data-image-caption=\"\" data-large-file=\"https:\/\/i0.wp.com\/www.espacioentremujeres.org\/wp-content\/uploads\/2023\/09\/FOTOS-PARA-WEB-ENCUENTRO-Presentacion-169-1.png?fit=685%2C385&amp;ssl=1\" data-recalc-dims=\"1\" height=\"385\" width=\"685\" class=\"wp-image-1091\" src=\"https:\/\/i0.wp.com\/www.espacioentremujeres.org\/wp-content\/uploads\/2023\/09\/FOTOS-PARA-WEB-ENCUENTRO-Presentacion-169-1.png?resize=685%2C385&#038;ssl=1\" alt=\"\" srcset=\"https:\/\/i0.wp.com\/www.espacioentremujeres.org\/wp-content\/uploads\/2023\/09\/FOTOS-PARA-WEB-ENCUENTRO-Presentacion-169-1.png?w=1920&amp;ssl=1 1920w, https:\/\/i0.wp.com\/www.espacioentremujeres.org\/wp-content\/uploads\/2023\/09\/FOTOS-PARA-WEB-ENCUENTRO-Presentacion-169-1.png?resize=300%2C169&amp;ssl=1 300w, https:\/\/i0.wp.com\/www.espacioentremujeres.org\/wp-content\/uploads\/2023\/09\/FOTOS-PARA-WEB-ENCUENTRO-Presentacion-169-1.png?resize=1024%2C576&amp;ssl=1 1024w, https:\/\/i0.wp.com\/www.espacioentremujeres.org\/wp-content\/uploads\/2023\/09\/FOTOS-PARA-WEB-ENCUENTRO-Presentacion-169-1.png?resize=768%2C432&amp;ssl=1 768w, https:\/\/i0.wp.com\/www.espacioentremujeres.org\/wp-content\/uploads\/2023\/09\/FOTOS-PARA-WEB-ENCUENTRO-Presentacion-169-1.png?resize=1536%2C864&amp;ssl=1 1536w, https:\/\/i0.wp.com\/www.espacioentremujeres.org\/wp-content\/uploads\/2023\/09\/FOTOS-PARA-WEB-ENCUENTRO-Presentacion-169-1.png?resize=685%2C385&amp;ssl=1 685w, https:\/\/i0.wp.com\/www.espacioentremujeres.org\/wp-content\/uploads\/2023\/09\/FOTOS-PARA-WEB-ENCUENTRO-Presentacion-169-1.png?w=1370&amp;ssl=1 1370w\" sizes=\"(max-width: 685px) 100vw, 685px\" \/>\n<p>\u00a0<\/p>\n<figcaption class=\"wp-element-caption\"><center><em><span style=\"font-size: small;\">Noella De Souza. Consejera del Avehi Public Charitable Trust.<\/span><\/em><\/center><\/figcaption>\n<\/figure>\n<p><!-- \/wp:image --><\/p>\n<\/div>\n<p><!-- \/wp:column --><\/p>\n<p><!-- wp:column {\"width\":\"66.66%\"} --><\/p>\n<div class=\"wp-block-column\" style=\"flex-basis: 66.66%;\">\n<p><!-- wp:paragraph {\"align\":\"justify\"} --><\/p>\n<p class=\"has-text-align-justify\">[bg_collapse icon=\u00bbarrow\u00bb expand_text=\u00bbSobre Noella De Souza\u00bb collapse_text=\u00bbMostrar menos\u00bb ]<\/p>\n<p><!-- \/wp:paragraph --><\/p>\n<p><!-- wp:paragraph {\"align\":\"justify\"} --><\/p>\n<p class=\"has-text-align-justify\">Noella d\u2019Souza es Misionera de Cristo Jes\u00fas y consejera de Avehi Abacus. Formada en Educaci\u00f3n y Psicoterapia y \u201cCounseling\u201d. Se ha dedicado a la educaci\u00f3n durante los \u00faltimos cuarenta a\u00f1os, promoviendo una formaci\u00f3n igualitaria y de calidad para todas\/os las ni\u00f1as y ni\u00f1os de la India.<\/p>\n<p><!-- \/wp:paragraph --><\/p>\n<p><!-- wp:paragraph {\"align\":\"justify\"} --><\/p>\n<p class=\"has-text-align-justify\">Como miembro de Avehi Abacus, ONG de Bombay, trabaja como investigadora y redactora de propuestas sobre nuevos contenidos educativos y metodolog\u00edas did\u00e1cticas y pedag\u00f3gicas, incluyendo la elaboraci\u00f3n de Materiales de Igualdad de G\u00e9nero. Como psicoterapeuta y consejera, trabaja con mujeres con problemas de identidad y autoestima. Como miembro del colectivo de mujeres Satyashodak es una activa colaboradora en la reparaci\u00f3n y justicia de casos de abuso sexual en la archidi\u00f3cesis de Bombay.<\/p>\n<p><!-- \/wp:paragraph --><\/p>\n<p><!-- wp:paragraph {\"align\":\"justify\"} --><\/p>\n<p class=\"has-text-align-justify\">[\/bg_collapse]<\/p>\n<p><!-- \/wp:paragraph --><\/p>\n<p><!-- wp:paragraph {\"align\":\"justify\"} --><\/p>\n<p class=\"has-text-align-justify\">[bg_collapse icon=\u00bbarrow\u00bb expand_text=\u00bbSobre Avehi\u00bb collapse_text=\u00bbMostrar menos\u00bb ]<\/p>\n<p><!-- \/wp:paragraph --><\/p>\n<p><!-- wp:paragraph {\"align\":\"justify\"} --><\/p>\n<p class=\"has-text-align-justify\">Entidad fundada en 1981 con el fin de impulsar el empoderamiento a trav\u00e9s de la educaci\u00f3n por personas provenientes de diversos campos, convencidas de que era necesario utilizar el potencial de los medios audiovisuales para facilitar el pensamiento racional, la conciencia y el cambio social.<\/p>\n<p><!-- \/wp:paragraph --><\/p>\n<p><!-- wp:paragraph {\"align\":\"justify\"} --><\/p>\n<p class=\"has-text-align-justify\">En 1990, Avehi puso en marcha el Avehi Abacus Project, con el objetivo de mejorar y reforzar el sistema educativo p\u00fablico para llegar a los sectores marginados de la sociedad e influir en la pol\u00edtica general de educaci\u00f3n.<\/p>\n<p><!-- \/wp:paragraph --><\/p>\n<p><!-- wp:paragraph {\"align\":\"justify\"} --><\/p>\n<p class=\"has-text-align-justify\">Su contribuci\u00f3n al escenario educativo indio es evidente, con programas y materiales que pretenden complementar y aumentar el curr\u00edculo escolar existente en las escuelas formales y apoyar el desarrollo de la posalfabetizaci\u00f3n en entornos no formales. Todo ello con contenidos orientados a promover valores de igualdad, justicia social, sensibilidad de g\u00e9nero, sostenibilidad medioambiental y laicismo. M\u00e1s informaci\u00f3n en su propia web, <a href=\"http:\/\/avehiabacus.org\">pinchando aqu\u00ed<\/a>.<\/p>\n<p><!-- \/wp:paragraph --><\/p>\n<p><!-- wp:paragraph {\"align\":\"justify\"} --><\/p>\n<p class=\"has-text-align-justify\">[\/bg_collapse]<\/p>\n<p><!-- \/wp:paragraph --><\/p>\n<p><!-- wp:paragraph {\"align\":\"justify\"} --><\/p>\n<p class=\"has-text-align-justify\">[bg_collapse icon=\u00bbarrow\u00bb expand_text=\u00bbAvehi y la Fundaci\u00f3n Isabel Mart\u00edn\u00bb collapse_text=\u00bbMostrar menos\u00bb ]<\/p>\n<p><!-- \/wp:paragraph --><\/p>\n<p><!-- wp:paragraph {\"align\":\"justify\"} --><\/p>\n<p class=\"has-text-align-justify\">Nuestra ONG colabora con Avehi Public Charitable (Educational) Trust desde 2017 apoyando sus <a href=\"https:\/\/fundacionisabelmartin.es\/proyecto\/programa-mantham-hane-raigad-maharashtra-india\/\">Programas Sangati y Mantham (programa de Formaci\u00f3n de Formadores<\/a>).<\/p>\n<p><!-- \/wp:paragraph --><\/p>\n<p><!-- wp:paragraph {\"align\":\"justify\"} --><\/p>\n<p class=\"has-text-align-justify\">[\/bg_collapse]<\/p>\n<p><!-- \/wp:paragraph --><\/p>\n<\/div>\n<p><!-- \/wp:column --><\/p>\n<\/div>\n<p><!-- \/wp:columns --><\/p>\n<p><!-- wp:paragraph {\"align\":\"left\"} --><\/p>\n<p class=\"has-text-align-left\"><strong><mark class=\"has-inline-color\" style=\"background-color: rgba(0, 0, 0, 0); color: #b17eac;\"><span style=\"text-decoration: underline;\">ANACLET D&#8217;MELLO &#8211; BOSCO SAMAJIK VIAKAS SANSTHA (BSVS)<\/span><\/mark><\/strong><\/p>\n<p><!-- \/wp:paragraph --><\/p>\n<p><!-- wp:paragraph --><\/p>\n<p><img decoding=\"async\" data-recalc-dims=\"1\" src=\"https:\/\/i0.wp.com\/www.espacioentremujeres.org\/wp-content\/uploads\/2023\/09\/Sin-titulo-40-%C3%97-40-px-e1694596536639.jpg?w=685&#038;ssl=1\" \/>Palghar, Maharashtra, India.<\/p>\n<p><!-- \/wp:paragraph --><\/p>\n<p><!-- wp:columns --><\/p>\n<div class=\"wp-block-columns\">\n<p><!-- wp:column {\"width\":\"33.33%\"} --><\/p>\n<div class=\"wp-block-column\" style=\"flex-basis: 33.33%;\">\n<p><!-- wp:image {\"id\":1051,\"sizeSlug\":\"large\",\"linkDestination\":\"none\"} --><\/p>\n<figure class=\"wp-block-image size-large\"><img loading=\"lazy\" decoding=\"async\" data-attachment-id=\"1051\" data-permalink=\"https:\/\/www.espacioentremujeres.org\/index.php\/encuentros\/fotos-para-web-encuentro-presentacion-169-2\/\" data-orig-file=\"https:\/\/i0.wp.com\/www.espacioentremujeres.org\/wp-content\/uploads\/2023\/09\/FOTOS-PARA-WEB-ENCUENTRO-Presentacion-169-2.png?fit=1200%2C675&amp;ssl=1\" data-orig-size=\"1200,675\" data-comments-opened=\"1\" data-image-meta=\"{&quot;aperture&quot;:&quot;0&quot;,&quot;credit&quot;:&quot;&quot;,&quot;camera&quot;:&quot;&quot;,&quot;caption&quot;:&quot;&quot;,&quot;created_timestamp&quot;:&quot;0&quot;,&quot;copyright&quot;:&quot;&quot;,&quot;focal_length&quot;:&quot;0&quot;,&quot;iso&quot;:&quot;0&quot;,&quot;shutter_speed&quot;:&quot;0&quot;,&quot;title&quot;:&quot;&quot;,&quot;orientation&quot;:&quot;0&quot;}\" data-image-title=\"FOTOS-PARA-WEB-ENCUENTRO-Presentacion-169-2\" data-image-description=\"\" data-image-caption=\"\" data-large-file=\"https:\/\/i0.wp.com\/www.espacioentremujeres.org\/wp-content\/uploads\/2023\/09\/FOTOS-PARA-WEB-ENCUENTRO-Presentacion-169-2.png?fit=685%2C385&amp;ssl=1\" data-recalc-dims=\"1\" height=\"385\" width=\"685\" class=\"wp-image-1051\" src=\"https:\/\/i0.wp.com\/www.espacioentremujeres.org\/wp-content\/uploads\/2023\/09\/FOTOS-PARA-WEB-ENCUENTRO-Presentacion-169-2.png?resize=685%2C385&#038;ssl=1\" alt=\"\" srcset=\"https:\/\/i0.wp.com\/www.espacioentremujeres.org\/wp-content\/uploads\/2023\/09\/FOTOS-PARA-WEB-ENCUENTRO-Presentacion-169-2.png?w=1200&amp;ssl=1 1200w, https:\/\/i0.wp.com\/www.espacioentremujeres.org\/wp-content\/uploads\/2023\/09\/FOTOS-PARA-WEB-ENCUENTRO-Presentacion-169-2.png?resize=300%2C169&amp;ssl=1 300w, https:\/\/i0.wp.com\/www.espacioentremujeres.org\/wp-content\/uploads\/2023\/09\/FOTOS-PARA-WEB-ENCUENTRO-Presentacion-169-2.png?resize=1024%2C576&amp;ssl=1 1024w, https:\/\/i0.wp.com\/www.espacioentremujeres.org\/wp-content\/uploads\/2023\/09\/FOTOS-PARA-WEB-ENCUENTRO-Presentacion-169-2.png?resize=768%2C432&amp;ssl=1 768w, https:\/\/i0.wp.com\/www.espacioentremujeres.org\/wp-content\/uploads\/2023\/09\/FOTOS-PARA-WEB-ENCUENTRO-Presentacion-169-2.png?resize=685%2C385&amp;ssl=1 685w\" sizes=\"(max-width: 685px) 100vw, 685px\" \/>\n<p>\u00a0<\/p>\n<figcaption class=\"wp-element-caption\"><center><em><span style=\"font-size: small;\">Anaclet D&#8217;Mello. Director de BSVS.<\/span><\/em><\/center><\/figcaption>\n<\/figure>\n<p><!-- \/wp:image --><\/p>\n<\/div>\n<p><!-- \/wp:column --><\/p>\n<p><!-- wp:column {\"width\":\"66.66%\"} --><\/p>\n<div class=\"wp-block-column\" style=\"flex-basis: 66.66%;\">\n<p><!-- wp:paragraph {\"align\":\"justify\"} --><\/p>\n<p class=\"has-text-align-justify\">[bg_collapse icon=\u00bbarrow\u00bb expand_text=\u00bbSobre Anaclet D&#8217;Mello\u00bb collapse_text=\u00bbMostrar menos\u00bb ]<\/p>\n<p><!-- \/wp:paragraph --><\/p>\n<p><!-- wp:paragraph {\"align\":\"justify\"} --><\/p>\n<p class=\"has-text-align-justify\">Desde 2004, ha encabezado iniciativas como el centro de formaci\u00f3n profesional t\u00e9cnica para j\u00f3venes adivasis y dalits.<\/p>\n<p><!-- \/wp:paragraph --><\/p>\n<p><!-- wp:paragraph {\"align\":\"justify\"} --><\/p>\n<p class=\"has-text-align-justify\">Como rector y encargado del BSVS desde 2010, ha guiado a un equipo de m\u00e1s de setenta personas en proyectos de diferente naturaleza, desde el empoderamiento de las mujeres, la formaci\u00f3n de grupos de j\u00f3venes y la promoci\u00f3n de medios de vida hasta el desarrollo de infraestructuras h\u00eddricas vitales como peque\u00f1as presas y pozos. Adem\u00e1s, sus esfuerzos por promover la agricultura sostenible, incluida la agricultura natural, han contribuido significativamente a la generaci\u00f3n de ingresos y al desarrollo general de las comunidades tribales de Jawhar y Mokhada en el distrito de Palghar, Maharashtra.<\/p>\n<p><!-- \/wp:paragraph --><\/p>\n<p><!-- wp:paragraph {\"align\":\"justify\"} --><\/p>\n<p class=\"has-text-align-justify\">[\/bg_collapse]<\/p>\n<p><!-- \/wp:paragraph --><\/p>\n<p><!-- wp:paragraph --><\/p>\n<p>[bg_collapse icon=\u00bbarrow\u00bb expand_text=\u00bbSobre BSVS\u00bb collapse_text=\u00bbMostrar menos\u00bb ]<\/p>\n<p><!-- \/wp:paragraph --><\/p>\n<p><!-- wp:paragraph {\"align\":\"justify\"} --><\/p>\n<p class=\"has-text-align-justify\">Organizaci\u00f3n de desarrollo social que forma parte del Instituto Don Bosco, que trabaja con las comunidades adivasis en setenta y siete municipios y trescientas aldeas de las \u201ctalukas\u201d (divisi\u00f3n administrativa India) de Jawhar y Mokhada desde 2010.<\/p>\n<p><!-- \/wp:paragraph --><\/p>\n<p><!-- wp:paragraph {\"align\":\"justify\"} --><\/p>\n<p class=\"has-text-align-justify\">Se trata, principalmente, de las tribus Koli, Warli, Katkari, Konka y Thakur. La organizaci\u00f3n lleva quince a\u00f1os colaborando con ellas en el empoderamiento social, pol\u00edtico y econ\u00f3mico de las mujeres, el desarrollo de la agricultura la sanidad, el empleo o la educaci\u00f3n. Las iniciativas de la organizaci\u00f3n han ayudado desde su fundaci\u00f3n a m\u00e1s de 10.000 personas de las comunidades adivasis y\u00a0<em>dalits<\/em> (los considerados \u201csin casta\u201d en la jerarquizaci\u00f3n social hind\u00fa).<\/p>\n<p><!-- \/wp:paragraph --><\/p>\n<p><!-- wp:paragraph --><\/p>\n<p>M\u00e1s informaci\u00f3n en su perfil de Facebook, <a href=\"https:\/\/www.facebook.com\/bsvswalvanda\">pinchando aqu\u00ed<\/a>.<\/p>\n<p><!-- \/wp:paragraph --><\/p>\n<p><!-- wp:paragraph --><\/p>\n<p>[\/bg_collapse]<\/p>\n<p><!-- \/wp:paragraph --><\/p>\n<p><!-- wp:paragraph --><\/p>\n<p>[bg_collapse icon=\u00bbarrow\u00bb expand_text=\u00bbBSVS y la Fundaci\u00f3n Isabel Mart\u00edn\u00bb collapse_text=\u00bbMostrar menos\u00bb ]<\/p>\n<p><!-- \/wp:paragraph --><\/p>\n<p><!-- wp:paragraph {\"align\":\"justify\"} --><\/p>\n<p class=\"has-text-align-justify\">Nuestra ONG colabora con BSVS desde 2017, apoyado proyectos por el empoderamiento de las mujeres como el de <a href=\"https:\/\/fundacionisabelmartin.es\/proyecto\/empoderamiento-mujeres-las-comunidades-tribales-jawhar-mokhada-india\/\">Formaci\u00f3n de Federaciones de Grupos de Autoayuda<\/a> o el ZBNF (Zero Budget Natural Farming) <a href=\"https:\/\/fundacionisabelmartin.es\/proyecto\/promover-la-agricultura-natural-de-presupuesto-cero-en-los-distritos-de-jawhar-y-mokhada\/\">Proyecto de Agricultura Natural de Presupuesto<\/a> <a href=\"https:\/\/fundacionisabelmartin.es\/proyecto\/promover-la-agricultura-natural-de-presupuesto-cero-en-los-distritos-de-jawhar-y-mokhada\/\">Cero<\/a>.<\/p>\n<p><!-- \/wp:paragraph --><\/p>\n<p><!-- wp:paragraph --><\/p>\n<p>[\/bg_collapse]<\/p>\n<p><!-- \/wp:paragraph --><\/p>\n<\/div>\n<p><!-- \/wp:column --><\/p>\n<\/div>\n<p><!-- \/wp:columns --><\/p>\n<p><!-- wp:paragraph {\"align\":\"left\"} --><\/p>\n<p class=\"has-text-align-left\"><strong><mark class=\"has-inline-color\" style=\"background-color: rgba(0, 0, 0, 0); color: #b17eac;\"><span style=\"text-decoration: underline;\">JOHNY JOSEPH &#8211; CREATIVE HANDICRAFTS<\/span><\/mark><\/strong><\/p>\n<p><!-- \/wp:paragraph --><\/p>\n<p><!-- wp:paragraph --><\/p>\n<p><img decoding=\"async\" data-recalc-dims=\"1\" src=\"https:\/\/i0.wp.com\/www.espacioentremujeres.org\/wp-content\/uploads\/2023\/09\/Sin-titulo-40-%C3%97-40-px-e1694596536639.jpg?w=685&#038;ssl=1\" \/>Bombay, Maharashtra, India.<\/p>\n<p><!-- \/wp:paragraph --><\/p>\n<p><!-- wp:columns --><\/p>\n<div class=\"wp-block-columns\">\n<p><!-- wp:column {\"width\":\"33.33%\"} --><\/p>\n<div class=\"wp-block-column\" style=\"flex-basis: 33.33%;\">\n<p><!-- wp:image {\"id\":1061,\"sizeSlug\":\"large\",\"linkDestination\":\"none\"} --><\/p>\n<figure class=\"wp-block-image size-large\"><img loading=\"lazy\" decoding=\"async\" data-attachment-id=\"1061\" data-permalink=\"https:\/\/www.espacioentremujeres.org\/index.php\/encuentros\/fotos-para-web-encuentro-presentacion-169-4\/\" data-orig-file=\"https:\/\/i0.wp.com\/www.espacioentremujeres.org\/wp-content\/uploads\/2023\/09\/FOTOS-PARA-WEB-ENCUENTRO-Presentacion-169-4.png?fit=1440%2C810&amp;ssl=1\" data-orig-size=\"1440,810\" data-comments-opened=\"1\" data-image-meta=\"{&quot;aperture&quot;:&quot;0&quot;,&quot;credit&quot;:&quot;&quot;,&quot;camera&quot;:&quot;&quot;,&quot;caption&quot;:&quot;&quot;,&quot;created_timestamp&quot;:&quot;0&quot;,&quot;copyright&quot;:&quot;&quot;,&quot;focal_length&quot;:&quot;0&quot;,&quot;iso&quot;:&quot;0&quot;,&quot;shutter_speed&quot;:&quot;0&quot;,&quot;title&quot;:&quot;&quot;,&quot;orientation&quot;:&quot;0&quot;}\" data-image-title=\"FOTOS-PARA-WEB-ENCUENTRO-Presentacion-169-4\" data-image-description=\"\" data-image-caption=\"\" data-large-file=\"https:\/\/i0.wp.com\/www.espacioentremujeres.org\/wp-content\/uploads\/2023\/09\/FOTOS-PARA-WEB-ENCUENTRO-Presentacion-169-4.png?fit=685%2C385&amp;ssl=1\" data-recalc-dims=\"1\" height=\"385\" width=\"685\" class=\"wp-image-1061\" src=\"https:\/\/i0.wp.com\/www.espacioentremujeres.org\/wp-content\/uploads\/2023\/09\/FOTOS-PARA-WEB-ENCUENTRO-Presentacion-169-4.png?resize=685%2C385&#038;ssl=1\" alt=\"\" srcset=\"https:\/\/i0.wp.com\/www.espacioentremujeres.org\/wp-content\/uploads\/2023\/09\/FOTOS-PARA-WEB-ENCUENTRO-Presentacion-169-4.png?w=1440&amp;ssl=1 1440w, https:\/\/i0.wp.com\/www.espacioentremujeres.org\/wp-content\/uploads\/2023\/09\/FOTOS-PARA-WEB-ENCUENTRO-Presentacion-169-4.png?resize=300%2C169&amp;ssl=1 300w, https:\/\/i0.wp.com\/www.espacioentremujeres.org\/wp-content\/uploads\/2023\/09\/FOTOS-PARA-WEB-ENCUENTRO-Presentacion-169-4.png?resize=1024%2C576&amp;ssl=1 1024w, https:\/\/i0.wp.com\/www.espacioentremujeres.org\/wp-content\/uploads\/2023\/09\/FOTOS-PARA-WEB-ENCUENTRO-Presentacion-169-4.png?resize=768%2C432&amp;ssl=1 768w, https:\/\/i0.wp.com\/www.espacioentremujeres.org\/wp-content\/uploads\/2023\/09\/FOTOS-PARA-WEB-ENCUENTRO-Presentacion-169-4.png?resize=685%2C385&amp;ssl=1 685w, https:\/\/i0.wp.com\/www.espacioentremujeres.org\/wp-content\/uploads\/2023\/09\/FOTOS-PARA-WEB-ENCUENTRO-Presentacion-169-4.png?w=1370&amp;ssl=1 1370w\" sizes=\"(max-width: 685px) 100vw, 685px\" \/>\n<p>\u00a0<\/p>\n<figcaption class=\"wp-element-caption\"><center><em><span style=\"font-size: small;\">Johny Joseph. Director de Creative Handicrafts y Patrono de la Fundaci\u00f3n Isabel Mart\u00edn.<\/span><\/em><\/center><\/figcaption>\n<\/figure>\n<p><!-- \/wp:image --><\/p>\n<\/div>\n<p><!-- \/wp:column --><\/p>\n<p><!-- wp:column {\"width\":\"66.66%\"} --><\/p>\n<div class=\"wp-block-column\" style=\"flex-basis: 66.66%;\">\n<p><!-- wp:paragraph {\"align\":\"justify\"} --><\/p>\n<p class=\"has-text-align-justify\">[bg_collapse icon=\u00bbarrow\u00bb expand_text=\u00bbSobre Johny Joseph\u00bb collapse_text=\u00bbMostrar menos\u00bb ]<\/p>\n<p><!-- \/wp:paragraph --><\/p>\n<p><!-- wp:paragraph {\"align\":\"justify\"} --><\/p>\n<p class=\"has-text-align-justify\">Johny Joseph es actualmente Director Ejecutivo de Creative Handicrafts y Patrono de la Fundaci\u00f3n Isabel Mart\u00edn.<\/p>\n<p><!-- \/wp:paragraph --><\/p>\n<p><!-- wp:paragraph {\"align\":\"justify\"} --><\/p>\n<p class=\"has-text-align-justify\">Trabajador social, con m\u00e1s de veinticinco a\u00f1os de experiencia, ha sido Secretario y Representante de Asia en la Junta Directiva en la <a href=\"https:\/\/wfto.com\/\">WFTO<\/a> (Organizaci\u00f3n Mundial del Comercio Justo por sus siglas en ingl\u00e9s) de 2011 a 2019. Cuenta con varias publicaciones y ensayos y participaci\u00f3n en seminarios y talleres internacionales sobre diferentes aspectos de la sociedad India: Comercio Justo, empresas de la econom\u00eda social, juventud y religi\u00f3n y pol\u00edticas p\u00fablicas contra el hambre.<\/p>\n<p><!-- \/wp:paragraph --><\/p>\n<p><!-- wp:paragraph {\"align\":\"justify\"} --><\/p>\n<p class=\"has-text-align-justify\">[\/bg_collapse]<\/p>\n<p><!-- \/wp:paragraph --><\/p>\n<p><!-- wp:paragraph --><\/p>\n<p>[bg_collapse icon=\u00bbarrow\u00bb expand_text=\u00bbSobre Creative Handicrafts\u00bb collapse_text=\u00bbMostrar menos\u00bb ][expand title=\u00bbSobre Creative Handicrafts\u00bb]<\/p>\n<p><!-- \/wp:paragraph --><\/p>\n<p><!-- wp:paragraph {\"align\":\"justify\"} --><\/p>\n<p class=\"has-text-align-justify\">Creative Handicrafts es una organizaci\u00f3n de Comercio Justo que trabaja por el bienestar de las mujeres y la infancia. La iniciativa surgi\u00f3 del trabajo social de la espa\u00f1ola Isabel Mart\u00edn,\u00a0misionera de Cristo Jes\u00fas con un grupo de mujeres de Achak Colony (<em>slum de Bombay),<\/em> que fund\u00f3 en 1984 la Women\u2019s Self Employment Cooperative (WSEC).<\/p>\n<p><!-- \/wp:paragraph --><\/p>\n<p><!-- wp:paragraph {\"align\":\"justify\"} --><\/p>\n<p class=\"has-text-align-justify\">Su objetivo era proporcionar un medio de vida digno a las mujeres desfavorecidas de los suburbios de Bombay. Que esas mujeres, v\u00edctimas de violencia dom\u00e9stica y extrema pobreza, lograran su independencia econ\u00f3mica y escaparan de la dominaci\u00f3n de sus maridos a trav\u00e9s de un proyecto propio. Esta entidad evolucionar\u00eda en Creative Handicrafts, cuya misi\u00f3n, desde su \u00a0nacimiento, ha sido el empoderamiento de las mujeres. Hoy es una empresa social puntera en Comercio Justo con casi trescientas cooperativistas con voz propia en la gesti\u00f3n de la organizaci\u00f3n as\u00ed como en el reparto de beneficios, y que da empleo hasta a setecientas mujeres en sus talleres textiles y en la divisi\u00f3n de catering <a href=\"https:\/\/creativehandicrafts.org\/asli-food\/\">Asli Food<\/a>.<\/p>\n<p><!-- \/wp:paragraph --><\/p>\n<p><!-- wp:paragraph {\"align\":\"justify\"} --><\/p>\n<p class=\"has-text-align-justify\">M\u00e1s informaci\u00f3n en su propia web, <a href=\"https:\/\/creativehandicrafts.org\/\">pinchando aqu\u00ed<\/a>.<\/p>\n<p><!-- \/wp:paragraph --><\/p>\n<p><!-- wp:paragraph {\"align\":\"justify\"} --><\/p>\n<p class=\"has-text-align-justify\">[\/bg_collapse]<\/p>\n<p><!-- \/wp:paragraph --><\/p>\n<p><!-- wp:paragraph {\"align\":\"justify\"} --><\/p>\n<p class=\"has-text-align-justify\">[bg_collapse icon=\u00bbarrow\u00bb expand_text=\u00bbCreative Handicrafts y la Fundaci\u00f3n Isabel Mart\u00edn\u00bb collapse_text=\u00bbMostrar menos\u00bb ][expand title=\u00bbSobre Creative Handicrafts\u00bb]<\/p>\n<p><!-- \/wp:paragraph --><\/p>\n<p><!-- wp:paragraph {\"align\":\"justify\"} --><\/p>\n<p class=\"has-text-align-justify\">Desde su constituci\u00f3n, nuestra ONG apoya los <a href=\"https:\/\/fundacionisabelmartin.es\/proyecto\/india-bombay-creative-handicrafts\/\">proyectos sociales de la cooperativa<\/a> y el desarrollo e impulso de su actividad mercantil de Comercio Justo, a trav\u00e9s de nuestro Proyecto de importaci\u00f3n y venta de productos textiles, especializado en el <a href=\"https:\/\/fundacionisabelmartin.es\/tienda\/rsc\/\">merchandising solidario<\/a>.<\/p>\n<p><!-- \/wp:paragraph --><\/p>\n<p><!-- wp:paragraph {\"align\":\"justify\"} --><\/p>\n<p class=\"has-text-align-justify\">[\/bg_collapse]<\/p>\n<p><!-- \/wp:paragraph --><\/p>\n<\/div>\n<p><!-- \/wp:column --><\/p>\n<\/div>\n<p><!-- \/wp:columns --><\/p>\n<p><!-- wp:paragraph {\"align\":\"justify\",\"style\":{\"typography\":{\"fontSize\":\"14px\"},\"color\":{\"gradient\":\"linear-gradient(135deg,rgba(176,125,171,0.18) 0%,rgb(255,255,255) 100%)\"}}} --><\/p>\n<p class=\"has-text-align-justify has-background\" style=\"background: linear-gradient(135deg,rgba(176,125,171,0.18) 0%,#ffffff 100%); font-size: 14px;\">Contaremos tambi\u00e9n con la presencia de <strong>Elisabeth Poojary<\/strong>, secretaria del patronato de Creative Handicrafts, y <strong>Meena D&#8217; Souza<\/strong>, coordinadora del centro \u00abBal Vikas Kendra\u00bb en la misma entidad.<\/p>\n<p><!-- \/wp:paragraph --><\/p>\n<p><!-- wp:paragraph {\"align\":\"left\"} --><\/p>\n<p class=\"has-text-align-left\"><strong><mark class=\"has-inline-color\" style=\"background-color: rgba(0, 0, 0, 0); color: #b17eac;\"><span style=\"text-decoration: underline;\">PRATIXA PARMAR &#8211; JAGRUTI KENDRA<\/span><\/mark><\/strong><\/p>\n<p><!-- \/wp:paragraph --><\/p>\n<p><!-- wp:paragraph --><\/p>\n<p><img decoding=\"async\" data-recalc-dims=\"1\" src=\"https:\/\/i0.wp.com\/www.espacioentremujeres.org\/wp-content\/uploads\/2023\/09\/Sin-titulo-40-%C3%97-40-px-e1694596536639.jpg?w=685&#038;ssl=1\" \/>Tanakla, Gujarat, India.<\/p>\n<p><!-- \/wp:paragraph --><\/p>\n<p><!-- wp:columns --><\/p>\n<div class=\"wp-block-columns\">\n<p><!-- wp:column {\"width\":\"33.33%\"} --><\/p>\n<div class=\"wp-block-column\" style=\"flex-basis: 33.33%;\">\n<p><!-- wp:image {\"id\":1067,\"sizeSlug\":\"large\",\"linkDestination\":\"none\"} --><\/p>\n<figure class=\"wp-block-image size-large\"><img loading=\"lazy\" decoding=\"async\" data-attachment-id=\"1067\" data-permalink=\"https:\/\/www.espacioentremujeres.org\/index.php\/encuentros\/fotos-para-web-encuentro-presentacion-169-5\/\" data-orig-file=\"https:\/\/i0.wp.com\/www.espacioentremujeres.org\/wp-content\/uploads\/2023\/09\/FOTOS-PARA-WEB-ENCUENTRO-Presentacion-169-5.png?fit=1440%2C810&amp;ssl=1\" data-orig-size=\"1440,810\" data-comments-opened=\"1\" data-image-meta=\"{&quot;aperture&quot;:&quot;0&quot;,&quot;credit&quot;:&quot;&quot;,&quot;camera&quot;:&quot;&quot;,&quot;caption&quot;:&quot;&quot;,&quot;created_timestamp&quot;:&quot;0&quot;,&quot;copyright&quot;:&quot;&quot;,&quot;focal_length&quot;:&quot;0&quot;,&quot;iso&quot;:&quot;0&quot;,&quot;shutter_speed&quot;:&quot;0&quot;,&quot;title&quot;:&quot;&quot;,&quot;orientation&quot;:&quot;0&quot;}\" data-image-title=\"FOTOS-PARA-WEB-ENCUENTRO-Presentacion-169-5\" data-image-description=\"\" data-image-caption=\"\" data-large-file=\"https:\/\/i0.wp.com\/www.espacioentremujeres.org\/wp-content\/uploads\/2023\/09\/FOTOS-PARA-WEB-ENCUENTRO-Presentacion-169-5.png?fit=685%2C385&amp;ssl=1\" data-recalc-dims=\"1\" height=\"385\" width=\"685\" class=\"wp-image-1067\" src=\"https:\/\/i0.wp.com\/www.espacioentremujeres.org\/wp-content\/uploads\/2023\/09\/FOTOS-PARA-WEB-ENCUENTRO-Presentacion-169-5.png?resize=685%2C385&#038;ssl=1\" alt=\"\" srcset=\"https:\/\/i0.wp.com\/www.espacioentremujeres.org\/wp-content\/uploads\/2023\/09\/FOTOS-PARA-WEB-ENCUENTRO-Presentacion-169-5.png?w=1440&amp;ssl=1 1440w, https:\/\/i0.wp.com\/www.espacioentremujeres.org\/wp-content\/uploads\/2023\/09\/FOTOS-PARA-WEB-ENCUENTRO-Presentacion-169-5.png?resize=300%2C169&amp;ssl=1 300w, https:\/\/i0.wp.com\/www.espacioentremujeres.org\/wp-content\/uploads\/2023\/09\/FOTOS-PARA-WEB-ENCUENTRO-Presentacion-169-5.png?resize=1024%2C576&amp;ssl=1 1024w, https:\/\/i0.wp.com\/www.espacioentremujeres.org\/wp-content\/uploads\/2023\/09\/FOTOS-PARA-WEB-ENCUENTRO-Presentacion-169-5.png?resize=768%2C432&amp;ssl=1 768w, https:\/\/i0.wp.com\/www.espacioentremujeres.org\/wp-content\/uploads\/2023\/09\/FOTOS-PARA-WEB-ENCUENTRO-Presentacion-169-5.png?resize=685%2C385&amp;ssl=1 685w, https:\/\/i0.wp.com\/www.espacioentremujeres.org\/wp-content\/uploads\/2023\/09\/FOTOS-PARA-WEB-ENCUENTRO-Presentacion-169-5.png?w=1370&amp;ssl=1 1370w\" sizes=\"(max-width: 685px) 100vw, 685px\" \/>\n<p>\u00a0<\/p>\n<figcaption class=\"wp-element-caption\"><center><em><span style=\"font-size: small;\">Pratixa Parmar. Directora del Jagruti Kendra.<\/span><\/em><\/center><\/figcaption>\n<\/figure>\n<p><!-- \/wp:image --><\/p>\n<\/div>\n<p><!-- \/wp:column --><\/p>\n<p><!-- wp:column {\"width\":\"66.66%\"} --><\/p>\n<div class=\"wp-block-column\" style=\"flex-basis: 66.66%;\">\n<p><!-- wp:paragraph {\"align\":\"justify\"} --><\/p>\n<p class=\"has-text-align-justify\">[bg_collapse icon=\u00bbarrow\u00bb expand_text=\u00bbSobre Pratixa Parmar\u00bb collapse_text=\u00bbMostrar menos\u00bb ]<\/p>\n<p><!-- \/wp:paragraph --><\/p>\n<p><!-- wp:paragraph {\"align\":\"justify\"} --><\/p>\n<p class=\"has-text-align-justify\">Pratixa Parmar es Misionera de Cristo Jes\u00fas y directora del Jagruti Kendra, Tanakla, Gujarat. M\u00e1ster en Trabajo Social, se dedica desde hace veinte a\u00f1os a desarrollar proyectos de empoderamiento socioecon\u00f3mico y microfinanzas con mujeres adivasis de las comunidades rurales del sur de Gujarat. En este per\u00edodo ha tenido, adem\u00e1s, la oportunidad de trabajar con mujeres tribales en Venezuela.<\/p>\n<p><!-- \/wp:paragraph --><\/p>\n<p><!-- wp:paragraph {\"align\":\"justify\"} --><\/p>\n<p class=\"has-text-align-justify\">Entre 2017 y 2022, fue coordinadora del foro de hermanas de Gujarat por el Desarrollo Humanitario. Actualmente es colaboradora de una ONG jesuita en Rajpipla, enfocada en cooperativas de ahorro y cr\u00e9dito de mujeres.<\/p>\n<p><!-- \/wp:paragraph --><\/p>\n<p><!-- wp:paragraph {\"align\":\"justify\"} --><\/p>\n<p class=\"has-text-align-justify\">[\/bg_collapse]<\/p>\n<p><!-- \/wp:paragraph --><\/p>\n<p><!-- wp:paragraph --><\/p>\n<p>[bg_collapse icon=\u00bbarrow\u00bb expand_text=\u00bbSobre Jagruti Kendra\u00bb collapse_text=\u00bbMostrar menos\u00bb ]<\/p>\n<p><!-- \/wp:paragraph --><\/p>\n<p><!-- wp:paragraph {\"align\":\"justify\"} --><\/p>\n<p class=\"has-text-align-justify\">ONG centrada en las mujeres y la infancia, que trabaja en la zona rural m\u00e1s pobre del estado del Gujarat. Cuenta con el apoyo de las Misioneras de Cristo Jes\u00fas, que garantizan la continuidad de todas las actividades y proyectos desarrollados por la entidad. Su objetivo fue, en un principio, responder de manera organizada a las necesidades socioecon\u00f3micas de las comunidades tribales del distrito de Narmada, promoviendo proyectos de educaci\u00f3n y salud. En la actualidad, sus actividades, orientadas a\u00a0 responder a las necesidades reales de la poblaci\u00f3n, se centran en la educaci\u00f3n, la salud y el empoderamiento social y econ\u00f3mico de las mujeres, mediante cooperativas de ahorro y cr\u00e9dito o Grupos de Autoayuda.<\/p>\n<p><!-- \/wp:paragraph --><\/p>\n<p><!-- wp:paragraph {\"align\":\"justify\"} --><\/p>\n<p class=\"has-text-align-justify\">[\/bg_collapse]<\/p>\n<p><!-- \/wp:paragraph --><\/p>\n<p><!-- wp:paragraph {\"align\":\"justify\"} --><\/p>\n<p class=\"has-text-align-justify\">[bg_collapse icon=\u00bbarrow\u00bb expand_text=\u00bbJagruti Kendra y la Fundaci\u00f3n Isabel Mart\u00edn\u00bb collapse_text=\u00bbMostrar menos\u00bb ]<\/p>\n<p><!-- \/wp:paragraph --><\/p>\n<p><!-- wp:paragraph {\"align\":\"justify\"} --><\/p>\n<p class=\"has-text-align-justify\">Nuestra ONG colabora con el Jagruti Kendra desde 2016 apoyando su <a href=\"https:\/\/fundacionisabelmartin.es\/proyecto\/india-gujarat-tankhala-jagruti-kendra\/\">Programa Integral de Salud y Educaci\u00f3n<\/a> de las comunidades adivasis y la <a href=\"https:\/\/fundacionisabelmartin.es\/proyecto\/educacion-de-calidad-y-en-ingles-para-las-ninas-y-ninos-de-las-comunidades-adivasis-de-garudeshwar-gujarat\/\">Escuela Biling\u00fce de Educaci\u00f3n Infantil.<\/a><\/p>\n<p><!-- \/wp:paragraph --><\/p>\n<p><!-- wp:paragraph {\"align\":\"justify\"} --><\/p>\n<p class=\"has-text-align-justify\">[\/bg_collapse]<\/p>\n<p><!-- \/wp:paragraph --><\/p>\n<\/div>\n<p><!-- \/wp:column --><\/p>\n<\/div>\n<p><!-- \/wp:columns --><\/p>\n<p><!-- wp:paragraph {\"align\":\"center\"} --><\/p>\n<p class=\"has-text-align-center\"><mark class=\"has-inline-color\" style=\"background-color: rgba(0, 0, 0, 0); color: #b17eac;\"><span style=\"text-decoration: underline;\"><strong>ENTIDAD INVITADA:<\/strong><\/span><\/mark><\/p>\n<p><!-- \/wp:paragraph --><\/p>\n<p><!-- wp:paragraph {\"align\":\"center\"} --><\/p>\n<p class=\"has-text-align-center\"><mark class=\"has-inline-color\" style=\"background-color: rgba(0, 0, 0, 0); color: #b17eac;\"><span style=\"text-decoration: underline;\"><strong>Centro de Promoci\u00f3n Integral del Ni\u00f1o (CEPIN). Maracaibo, Venezuela<\/strong>. <\/span><\/mark><\/p>\n<p><!-- \/wp:paragraph --><\/p>\n<p><!-- wp:paragraph {\"align\":\"center\",\"style\":{\"color\":{\"gradient\":\"linear-gradient(135deg,rgba(176,125,171,0.18) 0%,rgb(255,255,255) 100%)\"}},\"fontSize\":\"small\"} --><\/p>\n<p class=\"has-text-align-center has-background has-small-font-size\" style=\"background: linear-gradient(135deg,rgba(176,125,171,0.18) 0%,#ffffff 100%);\"><strong>Jeannette Makenga y Elsa Josefina Montiel<\/strong>, ambas profesionales del CEPIN, participar\u00e1n en el <strong>Panel 1 sobre Medio Ambiente y Soberan\u00eda Alimentaria.<\/strong><\/p>\n<p><!-- \/wp:paragraph --><\/p>\n<p><!-- wp:columns --><\/p>\n<div class=\"wp-block-columns\">\n<p><!-- wp:column {\"width\":\"33.33%\"} --><\/p>\n<div class=\"wp-block-column\" style=\"flex-basis: 33.33%;\">\n<p><!-- wp:image {\"id\":1226,\"sizeSlug\":\"large\",\"linkDestination\":\"none\"} --><\/p>\n<figure class=\"wp-block-image size-large\"><img loading=\"lazy\" decoding=\"async\" data-attachment-id=\"1226\" data-permalink=\"https:\/\/www.espacioentremujeres.org\/index.php\/encuentros\/fotos-para-web-encuentro-presentacion-169-11\/\" data-orig-file=\"https:\/\/i0.wp.com\/www.espacioentremujeres.org\/wp-content\/uploads\/2023\/09\/FOTOS-PARA-WEB-ENCUENTRO-Presentacion-169-11.png?fit=1920%2C1080&amp;ssl=1\" data-orig-size=\"1920,1080\" data-comments-opened=\"1\" data-image-meta=\"{&quot;aperture&quot;:&quot;0&quot;,&quot;credit&quot;:&quot;&quot;,&quot;camera&quot;:&quot;&quot;,&quot;caption&quot;:&quot;&quot;,&quot;created_timestamp&quot;:&quot;0&quot;,&quot;copyright&quot;:&quot;&quot;,&quot;focal_length&quot;:&quot;0&quot;,&quot;iso&quot;:&quot;0&quot;,&quot;shutter_speed&quot;:&quot;0&quot;,&quot;title&quot;:&quot;&quot;,&quot;orientation&quot;:&quot;0&quot;}\" data-image-title=\"FOTOS-PARA-WEB-ENCUENTRO-Presentacion-169-11\" data-image-description=\"\" data-image-caption=\"\" data-large-file=\"https:\/\/i0.wp.com\/www.espacioentremujeres.org\/wp-content\/uploads\/2023\/09\/FOTOS-PARA-WEB-ENCUENTRO-Presentacion-169-11.png?fit=685%2C385&amp;ssl=1\" data-recalc-dims=\"1\" height=\"385\" width=\"685\" class=\"wp-image-1226\" src=\"https:\/\/i0.wp.com\/www.espacioentremujeres.org\/wp-content\/uploads\/2023\/09\/FOTOS-PARA-WEB-ENCUENTRO-Presentacion-169-11.png?resize=685%2C385&#038;ssl=1\" alt=\"\" srcset=\"https:\/\/i0.wp.com\/www.espacioentremujeres.org\/wp-content\/uploads\/2023\/09\/FOTOS-PARA-WEB-ENCUENTRO-Presentacion-169-11.png?w=1920&amp;ssl=1 1920w, https:\/\/i0.wp.com\/www.espacioentremujeres.org\/wp-content\/uploads\/2023\/09\/FOTOS-PARA-WEB-ENCUENTRO-Presentacion-169-11.png?resize=300%2C169&amp;ssl=1 300w, https:\/\/i0.wp.com\/www.espacioentremujeres.org\/wp-content\/uploads\/2023\/09\/FOTOS-PARA-WEB-ENCUENTRO-Presentacion-169-11.png?resize=1024%2C576&amp;ssl=1 1024w, https:\/\/i0.wp.com\/www.espacioentremujeres.org\/wp-content\/uploads\/2023\/09\/FOTOS-PARA-WEB-ENCUENTRO-Presentacion-169-11.png?resize=768%2C432&amp;ssl=1 768w, https:\/\/i0.wp.com\/www.espacioentremujeres.org\/wp-content\/uploads\/2023\/09\/FOTOS-PARA-WEB-ENCUENTRO-Presentacion-169-11.png?resize=1536%2C864&amp;ssl=1 1536w, https:\/\/i0.wp.com\/www.espacioentremujeres.org\/wp-content\/uploads\/2023\/09\/FOTOS-PARA-WEB-ENCUENTRO-Presentacion-169-11.png?resize=685%2C385&amp;ssl=1 685w, https:\/\/i0.wp.com\/www.espacioentremujeres.org\/wp-content\/uploads\/2023\/09\/FOTOS-PARA-WEB-ENCUENTRO-Presentacion-169-11.png?w=1370&amp;ssl=1 1370w\" sizes=\"(max-width: 685px) 100vw, 685px\" \/><\/figure>\n<p><!-- \/wp:image --><\/p>\n<\/div>\n<p><!-- \/wp:column --><\/p>\n<p><!-- wp:column {\"width\":\"66.66%\"} --><\/p>\n<div class=\"wp-block-column\" style=\"flex-basis: 66.66%;\">\n<p><!-- wp:paragraph --><\/p>\n<p>[bg_collapse icon=\u00bbarrow\u00bb expand_text=\u00bbSobre el CEPIN\u00bb collapse_text=\u00bbMostrar menos\u00bb ]<\/p>\n<p><!-- \/wp:paragraph --><\/p>\n<p><!-- wp:paragraph {\"align\":\"justify\"} --><\/p>\n<p class=\"has-text-align-justify\">El CEPIN es una asociaci\u00f3n civil sin \u00e1nimo de lucro, fundada en el a\u00f1o 1995 por iniciativa de l\u00edderes Wayuu de la comunidad del barrio Etnia Guajira de Maracaibo. Entre las hermanas Misioneras de Cristo Jes\u00fas y los Padres Misioneros del Sagrado Coraz\u00f3n de Jes\u00fas, con el apoyo de la pastoral social de la Arquidi\u00f3cesis de Maracaibo, tomaron la iniciativa de responder a la necesidad alimentaria ante el nivel elevado de malnutrici\u00f3n en la poblaci\u00f3n infantil ubicada en la zona. De hecho, el comedor del centro atiende diariamente a unos doscientos ni\u00f1os y ni\u00f1as hasta los catorce a\u00f1os de edad.<\/p>\n<p><!-- \/wp:paragraph --><\/p>\n<p><!-- wp:paragraph {\"align\":\"justify\"} --><\/p>\n<p class=\"has-text-align-justify\">Adem\u00e1s, el rendimiento escolar es muy bajo debido a la falta de motivaci\u00f3n, el analfabetismo de padres y madres o los embarazos precoces. Solo existe una escuela en la zona y en malas condiciones, por lo que tambi\u00e9n existe un alto porcentaje de ni\u00f1os y ni\u00f1as sin escolarizar.<\/p>\n<p><!-- \/wp:paragraph --><\/p>\n<p><!-- wp:paragraph {\"align\":\"justify\"} --><\/p>\n<p class=\"has-text-align-justify\">M\u00e1s informaci\u00f3n en su propia p\u00e1gina web, <a href=\"http:\/\/www.fundacioncepin.org\/\">pinchando aqu\u00ed<\/a>, y en su <a href=\"https:\/\/www.instagram.com\/cepinzulia\/\">perfil de Instagram<\/a>.<\/p>\n<p><!-- \/wp:paragraph --><\/p>\n<p><!-- wp:paragraph {\"align\":\"justify\"} --><\/p>\n<p class=\"has-text-align-justify\">[\/bg_collapse]<\/p>\n<p><!-- \/wp:paragraph --><\/p>\n<p><!-- wp:paragraph {\"align\":\"justify\"} --><\/p>\n<p class=\"has-text-align-justify\">[bg_collapse icon=\u00bbarrow\u00bb expand_text=\u00bbCEPIN y la Fundaci\u00f3n Isabel Mart\u00edn\u00bb collapse_text=\u00bbMostrar menos\u00bb ]<\/p>\n<p><!-- \/wp:paragraph --><\/p>\n<p><!-- wp:paragraph {\"align\":\"justify\"} --><\/p>\n<p class=\"has-text-align-justify\">La Fundaci\u00f3n lleva colaborando con el centro desde sus inicios a trav\u00e9s de varios proyectos como el de <a href=\"https:\/\/fundacionisabelmartin.es\/proyecto\/soberania-alimentaria-en-el-estado-de-zulia\/\">Soberan\u00eda Alimentaria<\/a>, el <a href=\"https:\/\/fundacionisabelmartin.es\/proyecto\/mejora-de-las-condiciones-de-vida-personal-y-familiar-de-mujeres-en-situacion-de-vulnerabilidad-en-comunidades-de-los-estados-de-apure-tachira-y-zulia\/\">proyecto de mejora de las condiciones de vida de mujeres en situaci\u00f3n de vulnerabilidad<\/a>, el que trabaja por el <a href=\"https:\/\/fundacionisabelmartin.es\/proyecto\/mejora-del-desarrollo-integral-de-los-as-ninos-as-del-barrio-etnia-guajira-wayuu-de-maracaibo\/\">desarrollo integral de los ni\u00f1os y ni\u00f1as<\/a> del Barrio Etnia Guajira o el proyecto de <a href=\"https:\/\/fundacionisabelmartin.es\/proyecto\/venezuela-maracaibo\/\">construcci\u00f3n de un pozo para agua de boca y de riego<\/a>.<\/p>\n<p><!-- \/wp:paragraph --><\/p>\n<p><!-- wp:paragraph {\"align\":\"justify\"} --><\/p>\n<p class=\"has-text-align-justify\">[\/bg_collapse]<\/p>\n<p><!-- \/wp:paragraph --><\/p>\n<\/div>\n<p><!-- \/wp:column --><\/p>\n<\/div>\n<p><!-- \/wp:columns --><\/p>\n<p><!-- wp:buttons {\"layout\":{\"type\":\"flex\",\"justifyContent\":\"center\"}} --><\/p>\n<div class=\"wp-block-buttons\">\n<p><!-- wp:button {\"backgroundColor\":\"cyan-bluish-gray\",\"textColor\":\"white\",\"width\":50,\"style\":{\"border\":{\"radius\":\"2px\"}}} --><\/p>\n<div class=\"wp-block-button has-custom-width wp-block-button__width-50\"><a class=\"wp-block-button__link has-white-color has-cyan-bluish-gray-background-color has-text-color has-background wp-element-button\" style=\"border-radius: 2px;\" href=\"https:\/\/fundacionisabelmartin.es\/quienes-somos\/\">SOBRE LA FUNDACI\u00d3N<\/a><\/div>\n<p><!-- \/wp:button --><\/p>\n<p><!-- wp:button {\"textColor\":\"cyan-bluish-gray\",\"width\":50,\"className\":\"is-style-outline\",\"style\":{\"border\":{\"radius\":\"2px\"}}} --><\/p>\n<div class=\"wp-block-button has-custom-width wp-block-button__width-50 is-style-outline\"><a class=\"wp-block-button__link has-cyan-bluish-gray-color has-text-color wp-element-button\" style=\"border-radius: 2px;\" href=\"https:\/\/fundacionisabelmartin.es\/proyectos\/\">QU\u00c9 HACEMOS<\/a><\/div>\n<p><!-- \/wp:button --><\/p>\n<\/div>\n<p><!-- \/wp:buttons --><\/p>\t\t\t\t\t\t\t\t<\/div>\n\t\t\t\t<\/div>\n\t\t\t\t\t<\/div>\n\t\t\t\t<\/div>\n\t\t\t\t<\/div>\n\t\t","protected":false},"excerpt":{"rendered":"<p>Cooperaci\u00f3n internacional y mujeres tribales. India: Retos y casos de \u00e9xito PROGRAMA 25 DE OCTUBRE 09:00 | Acogida y acreditaciones 09:30 &#8211; 10:00 | Presentaci\u00f3n 10:00 &#8211; 11:45 | Mesa 1: Retos en derechos \u2713 Caso de \u00e9xito\u00a0: Vaishali | Ankur Trust y la comunidad Katkari. \u2713 Participantes: Noella De Souza (Avehi Public Charitable Trust), &hellip; <a href=\"https:\/\/www.espacioentremujeres.org\/index.php\/leer-mas-i-encuentro-internacional\/\" class=\"more-link\">Seguir leyendo <span class=\"screen-reader-text\">PROGRAMA: II JORNADAS DE COOPERACI\u00d3N<\/span><\/a><\/p>\n","protected":false},"author":3,"featured_media":0,"parent":0,"menu_order":0,"comment_status":"closed","ping_status":"closed","template":"","meta":{"_eb_attr":"","_monsterinsights_skip_tracking":false,"_monsterinsights_sitenote_active":false,"_monsterinsights_sitenote_note":"","_monsterinsights_sitenote_category":0,"footnotes":""},"class_list":["post-2697","page","type-page","status-publish","hentry"],"yoast_head":"<!-- This site is optimized with the Yoast SEO plugin v27.5 - https:\/\/yoast.com\/product\/yoast-seo-wordpress\/ -->\n<title>PROGRAMA: II JORNADAS DE COOPERACI\u00d3N - Espacio EntreMujeres<\/title>\n<meta name=\"robots\" content=\"index, follow, max-snippet:-1, max-image-preview:large, max-video-preview:-1\" \/>\n<link rel=\"canonical\" href=\"https:\/\/www.espacioentremujeres.org\/index.php\/leer-mas-i-encuentro-internacional\/\" \/>\n<meta property=\"og:locale\" content=\"es_ES\" \/>\n<meta property=\"og:type\" content=\"article\" \/>\n<meta property=\"og:title\" content=\"PROGRAMA: II JORNADAS DE COOPERACI\u00d3N - Espacio EntreMujeres\" \/>\n<meta property=\"og:description\" content=\"Cooperaci\u00f3n internacional y mujeres tribales. India: Retos y casos de \u00e9xito PROGRAMA 25 DE OCTUBRE 09:00 | Acogida y acreditaciones 09:30 &#8211; 10:00 | Presentaci\u00f3n 10:00 &#8211; 11:45 | Mesa 1: Retos en derechos \u2713 Caso de \u00e9xito\u00a0: Vaishali | Ankur Trust y la comunidad Katkari. \u2713 Participantes: Noella De Souza (Avehi Public Charitable Trust), &hellip; Seguir leyendo PROGRAMA: II JORNADAS DE COOPERACI\u00d3N\" \/>\n<meta property=\"og:url\" content=\"https:\/\/www.espacioentremujeres.org\/index.php\/leer-mas-i-encuentro-internacional\/\" \/>\n<meta property=\"og:site_name\" content=\"Espacio EntreMujeres\" \/>\n<meta property=\"article:publisher\" content=\"https:\/\/www.facebook.com\/EspacioEntreMujeres\/\" \/>\n<meta property=\"article:modified_time\" content=\"2025-09-04T11:20:30+00:00\" \/>\n<meta property=\"og:image\" content=\"https:\/\/www.espacioentremujeres.org\/wp-content\/uploads\/2023\/09\/5-1024x576.png\" \/>\n<meta name=\"twitter:card\" content=\"summary_large_image\" \/>\n<meta name=\"twitter:label1\" content=\"Tiempo de lectura\" \/>\n\t<meta name=\"twitter:data1\" content=\"14 minutos\" \/>\n<script type=\"application\/ld+json\" class=\"yoast-schema-graph\">{\"@context\":\"https:\\\/\\\/schema.org\",\"@graph\":[{\"@type\":\"WebPage\",\"@id\":\"https:\\\/\\\/www.espacioentremujeres.org\\\/index.php\\\/leer-mas-i-encuentro-internacional\\\/\",\"url\":\"https:\\\/\\\/www.espacioentremujeres.org\\\/index.php\\\/leer-mas-i-encuentro-internacional\\\/\",\"name\":\"PROGRAMA: II JORNADAS DE COOPERACI\u00d3N - Espacio EntreMujeres\",\"isPartOf\":{\"@id\":\"https:\\\/\\\/www.espacioentremujeres.org\\\/#website\"},\"primaryImageOfPage\":{\"@id\":\"https:\\\/\\\/www.espacioentremujeres.org\\\/index.php\\\/leer-mas-i-encuentro-internacional\\\/#primaryimage\"},\"image\":{\"@id\":\"https:\\\/\\\/www.espacioentremujeres.org\\\/index.php\\\/leer-mas-i-encuentro-internacional\\\/#primaryimage\"},\"thumbnailUrl\":\"https:\\\/\\\/www.espacioentremujeres.org\\\/wp-content\\\/uploads\\\/2023\\\/09\\\/5-1024x576.png\",\"datePublished\":\"2024-02-09T12:01:23+00:00\",\"dateModified\":\"2025-09-04T11:20:30+00:00\",\"breadcrumb\":{\"@id\":\"https:\\\/\\\/www.espacioentremujeres.org\\\/index.php\\\/leer-mas-i-encuentro-internacional\\\/#breadcrumb\"},\"inLanguage\":\"es\",\"potentialAction\":[{\"@type\":\"ReadAction\",\"target\":[\"https:\\\/\\\/www.espacioentremujeres.org\\\/index.php\\\/leer-mas-i-encuentro-internacional\\\/\"]}]},{\"@type\":\"ImageObject\",\"inLanguage\":\"es\",\"@id\":\"https:\\\/\\\/www.espacioentremujeres.org\\\/index.php\\\/leer-mas-i-encuentro-internacional\\\/#primaryimage\",\"url\":\"https:\\\/\\\/i0.wp.com\\\/www.espacioentremujeres.org\\\/wp-content\\\/uploads\\\/2023\\\/09\\\/5.png?fit=1440%2C810&ssl=1\",\"contentUrl\":\"https:\\\/\\\/i0.wp.com\\\/www.espacioentremujeres.org\\\/wp-content\\\/uploads\\\/2023\\\/09\\\/5.png?fit=1440%2C810&ssl=1\",\"width\":1440,\"height\":810},{\"@type\":\"BreadcrumbList\",\"@id\":\"https:\\\/\\\/www.espacioentremujeres.org\\\/index.php\\\/leer-mas-i-encuentro-internacional\\\/#breadcrumb\",\"itemListElement\":[{\"@type\":\"ListItem\",\"position\":1,\"name\":\"Portada\",\"item\":\"https:\\\/\\\/www.espacioentremujeres.org\\\/\"},{\"@type\":\"ListItem\",\"position\":2,\"name\":\"PROGRAMA: II JORNADAS DE COOPERACI\u00d3N\"}]},{\"@type\":\"WebSite\",\"@id\":\"https:\\\/\\\/www.espacioentremujeres.org\\\/#website\",\"url\":\"https:\\\/\\\/www.espacioentremujeres.org\\\/\",\"name\":\"Espacio EntreMujeres\",\"description\":\"Espacio EntreMujeres, por el di\u00e1logo y la interculturalidad.\",\"publisher\":{\"@id\":\"https:\\\/\\\/www.espacioentremujeres.org\\\/#organization\"},\"potentialAction\":[{\"@type\":\"SearchAction\",\"target\":{\"@type\":\"EntryPoint\",\"urlTemplate\":\"https:\\\/\\\/www.espacioentremujeres.org\\\/?s={search_term_string}\"},\"query-input\":{\"@type\":\"PropertyValueSpecification\",\"valueRequired\":true,\"valueName\":\"search_term_string\"}}],\"inLanguage\":\"es\"},{\"@type\":\"Organization\",\"@id\":\"https:\\\/\\\/www.espacioentremujeres.org\\\/#organization\",\"name\":\"Espacio EntreMujeres\",\"url\":\"https:\\\/\\\/www.espacioentremujeres.org\\\/\",\"logo\":{\"@type\":\"ImageObject\",\"inLanguage\":\"es\",\"@id\":\"https:\\\/\\\/www.espacioentremujeres.org\\\/#\\\/schema\\\/logo\\\/image\\\/\",\"url\":\"https:\\\/\\\/i0.wp.com\\\/www.espacioentremujeres.org\\\/wp-content\\\/uploads\\\/2024\\\/07\\\/cropped-NUEVO-LOGOTIPO-ENTREMUJERES-1.png?fit=611%2C180&ssl=1\",\"contentUrl\":\"https:\\\/\\\/i0.wp.com\\\/www.espacioentremujeres.org\\\/wp-content\\\/uploads\\\/2024\\\/07\\\/cropped-NUEVO-LOGOTIPO-ENTREMUJERES-1.png?fit=611%2C180&ssl=1\",\"width\":611,\"height\":180,\"caption\":\"Espacio EntreMujeres\"},\"image\":{\"@id\":\"https:\\\/\\\/www.espacioentremujeres.org\\\/#\\\/schema\\\/logo\\\/image\\\/\"},\"sameAs\":[\"https:\\\/\\\/www.facebook.com\\\/EspacioEntreMujeres\\\/\",\"https:\\\/\\\/www.instagram.com\\\/espacioentremujeres\\\/\"]}]}<\/script>\n<!-- \/ Yoast SEO plugin. -->","yoast_head_json":{"title":"PROGRAMA: II JORNADAS DE COOPERACI\u00d3N - Espacio EntreMujeres","robots":{"index":"index","follow":"follow","max-snippet":"max-snippet:-1","max-image-preview":"max-image-preview:large","max-video-preview":"max-video-preview:-1"},"canonical":"https:\/\/www.espacioentremujeres.org\/index.php\/leer-mas-i-encuentro-internacional\/","og_locale":"es_ES","og_type":"article","og_title":"PROGRAMA: II JORNADAS DE COOPERACI\u00d3N - Espacio EntreMujeres","og_description":"Cooperaci\u00f3n internacional y mujeres tribales. India: Retos y casos de \u00e9xito PROGRAMA 25 DE OCTUBRE 09:00 | Acogida y acreditaciones 09:30 &#8211; 10:00 | Presentaci\u00f3n 10:00 &#8211; 11:45 | Mesa 1: Retos en derechos \u2713 Caso de \u00e9xito\u00a0: Vaishali | Ankur Trust y la comunidad Katkari. \u2713 Participantes: Noella De Souza (Avehi Public Charitable Trust), &hellip; Seguir leyendo PROGRAMA: II JORNADAS DE COOPERACI\u00d3N","og_url":"https:\/\/www.espacioentremujeres.org\/index.php\/leer-mas-i-encuentro-internacional\/","og_site_name":"Espacio EntreMujeres","article_publisher":"https:\/\/www.facebook.com\/EspacioEntreMujeres\/","article_modified_time":"2025-09-04T11:20:30+00:00","og_image":[{"url":"https:\/\/www.espacioentremujeres.org\/wp-content\/uploads\/2023\/09\/5-1024x576.png","type":"","width":"","height":""}],"twitter_card":"summary_large_image","twitter_misc":{"Tiempo de lectura":"14 minutos"},"schema":{"@context":"https:\/\/schema.org","@graph":[{"@type":"WebPage","@id":"https:\/\/www.espacioentremujeres.org\/index.php\/leer-mas-i-encuentro-internacional\/","url":"https:\/\/www.espacioentremujeres.org\/index.php\/leer-mas-i-encuentro-internacional\/","name":"PROGRAMA: II JORNADAS DE COOPERACI\u00d3N - Espacio EntreMujeres","isPartOf":{"@id":"https:\/\/www.espacioentremujeres.org\/#website"},"primaryImageOfPage":{"@id":"https:\/\/www.espacioentremujeres.org\/index.php\/leer-mas-i-encuentro-internacional\/#primaryimage"},"image":{"@id":"https:\/\/www.espacioentremujeres.org\/index.php\/leer-mas-i-encuentro-internacional\/#primaryimage"},"thumbnailUrl":"https:\/\/www.espacioentremujeres.org\/wp-content\/uploads\/2023\/09\/5-1024x576.png","datePublished":"2024-02-09T12:01:23+00:00","dateModified":"2025-09-04T11:20:30+00:00","breadcrumb":{"@id":"https:\/\/www.espacioentremujeres.org\/index.php\/leer-mas-i-encuentro-internacional\/#breadcrumb"},"inLanguage":"es","potentialAction":[{"@type":"ReadAction","target":["https:\/\/www.espacioentremujeres.org\/index.php\/leer-mas-i-encuentro-internacional\/"]}]},{"@type":"ImageObject","inLanguage":"es","@id":"https:\/\/www.espacioentremujeres.org\/index.php\/leer-mas-i-encuentro-internacional\/#primaryimage","url":"https:\/\/i0.wp.com\/www.espacioentremujeres.org\/wp-content\/uploads\/2023\/09\/5.png?fit=1440%2C810&ssl=1","contentUrl":"https:\/\/i0.wp.com\/www.espacioentremujeres.org\/wp-content\/uploads\/2023\/09\/5.png?fit=1440%2C810&ssl=1","width":1440,"height":810},{"@type":"BreadcrumbList","@id":"https:\/\/www.espacioentremujeres.org\/index.php\/leer-mas-i-encuentro-internacional\/#breadcrumb","itemListElement":[{"@type":"ListItem","position":1,"name":"Portada","item":"https:\/\/www.espacioentremujeres.org\/"},{"@type":"ListItem","position":2,"name":"PROGRAMA: II JORNADAS DE COOPERACI\u00d3N"}]},{"@type":"WebSite","@id":"https:\/\/www.espacioentremujeres.org\/#website","url":"https:\/\/www.espacioentremujeres.org\/","name":"Espacio EntreMujeres","description":"Espacio EntreMujeres, por el di\u00e1logo y la interculturalidad.","publisher":{"@id":"https:\/\/www.espacioentremujeres.org\/#organization"},"potentialAction":[{"@type":"SearchAction","target":{"@type":"EntryPoint","urlTemplate":"https:\/\/www.espacioentremujeres.org\/?s={search_term_string}"},"query-input":{"@type":"PropertyValueSpecification","valueRequired":true,"valueName":"search_term_string"}}],"inLanguage":"es"},{"@type":"Organization","@id":"https:\/\/www.espacioentremujeres.org\/#organization","name":"Espacio EntreMujeres","url":"https:\/\/www.espacioentremujeres.org\/","logo":{"@type":"ImageObject","inLanguage":"es","@id":"https:\/\/www.espacioentremujeres.org\/#\/schema\/logo\/image\/","url":"https:\/\/i0.wp.com\/www.espacioentremujeres.org\/wp-content\/uploads\/2024\/07\/cropped-NUEVO-LOGOTIPO-ENTREMUJERES-1.png?fit=611%2C180&ssl=1","contentUrl":"https:\/\/i0.wp.com\/www.espacioentremujeres.org\/wp-content\/uploads\/2024\/07\/cropped-NUEVO-LOGOTIPO-ENTREMUJERES-1.png?fit=611%2C180&ssl=1","width":611,"height":180,"caption":"Espacio EntreMujeres"},"image":{"@id":"https:\/\/www.espacioentremujeres.org\/#\/schema\/logo\/image\/"},"sameAs":["https:\/\/www.facebook.com\/EspacioEntreMujeres\/","https:\/\/www.instagram.com\/espacioentremujeres\/"]}]}},"jetpack_sharing_enabled":true,"jetpack_likes_enabled":false,"_links":{"self":[{"href":"https:\/\/www.espacioentremujeres.org\/index.php\/wp-json\/wp\/v2\/pages\/2697","targetHints":{"allow":["GET"]}}],"collection":[{"href":"https:\/\/www.espacioentremujeres.org\/index.php\/wp-json\/wp\/v2\/pages"}],"about":[{"href":"https:\/\/www.espacioentremujeres.org\/index.php\/wp-json\/wp\/v2\/types\/page"}],"author":[{"embeddable":true,"href":"https:\/\/www.espacioentremujeres.org\/index.php\/wp-json\/wp\/v2\/users\/3"}],"replies":[{"embeddable":true,"href":"https:\/\/www.espacioentremujeres.org\/index.php\/wp-json\/wp\/v2\/comments?post=2697"}],"version-history":[{"count":21,"href":"https:\/\/www.espacioentremujeres.org\/index.php\/wp-json\/wp\/v2\/pages\/2697\/revisions"}],"predecessor-version":[{"id":3808,"href":"https:\/\/www.espacioentremujeres.org\/index.php\/wp-json\/wp\/v2\/pages\/2697\/revisions\/3808"}],"wp:attachment":[{"href":"https:\/\/www.espacioentremujeres.org\/index.php\/wp-json\/wp\/v2\/media?parent=2697"}],"curies":[{"name":"wp","href":"https:\/\/api.w.org\/{rel}","templated":true}]}}